{"id":235,"date":"2023-07-02T02:12:57","date_gmt":"2023-07-02T02:12:57","guid":{"rendered":"https:\/\/kasaloka.com\/?page_id=235"},"modified":"2026-03-27T01:32:09","modified_gmt":"2026-03-27T01:32:09","slug":"acerca","status":"publish","type":"page","link":"https:\/\/kasaloka.com\/index.php\/acerca\/","title":{"rendered":"Acerca"},"content":{"rendered":"\t\t<div data-elementor-type=\"wp-page\" data-elementor-id=\"235\" class=\"elementor elementor-235\">\n\t\t\t\t\t\t\t\t\t<section class=\"elementor-section elementor-top-section elementor-element elementor-element-e0abee9 elementor-section-boxed elementor-section-height-default elementor-section-height-default\" data-id=\"e0abee9\" data-element_type=\"section\">\n\t\t\t\t\t\t<div class=\"elementor-container elementor-column-gap-default\">\n\t\t\t\t\t<div class=\"elementor-column elementor-col-100 elementor-top-column elementor-element elementor-element-18df789\" data-id=\"18df789\" data-element_type=\"column\">\n\t\t\t<div class=\"elementor-widget-wrap elementor-element-populated\">\n\t\t\t\t\t\t\t\t<div class=\"elementor-element elementor-element-72b3df2 elementor-widget elementor-widget-image\" data-id=\"72b3df2\" data-element_type=\"widget\" data-widget_type=\"image.default\">\n\t\t\t\t<div class=\"elementor-widget-container\">\n\t\t\t<style>\/*! elementor - v3.14.0 - 26-06-2023 *\/\n.elementor-widget-image{text-align:center}.elementor-widget-image a{display:inline-block}.elementor-widget-image a img[src$=\".svg\"]{width:48px}.elementor-widget-image img{vertical-align:middle;display:inline-block}<\/style>\t\t\t\t\t\t\t\t\t<figure class=\"wp-caption\">\n\t\t\t\t\t\t\t\t\t\t<img loading=\"lazy\" decoding=\"async\" width=\"1920\" height=\"1218\" src=\"https:\/\/kasaloka.com\/wp-content\/uploads\/2023\/09\/000_Retrato_Nina_KL_Arg_BsAs_LR.jpg\" class=\"attachment-full size-full wp-image-780\" alt=\"\" srcset=\"https:\/\/kasaloka.com\/wp-content\/uploads\/2023\/09\/000_Retrato_Nina_KL_Arg_BsAs_LR.jpg 1920w, https:\/\/kasaloka.com\/wp-content\/uploads\/2023\/09\/000_Retrato_Nina_KL_Arg_BsAs_LR-300x190.jpg 300w, https:\/\/kasaloka.com\/wp-content\/uploads\/2023\/09\/000_Retrato_Nina_KL_Arg_BsAs_LR-1024x650.jpg 1024w, https:\/\/kasaloka.com\/wp-content\/uploads\/2023\/09\/000_Retrato_Nina_KL_Arg_BsAs_LR-768x487.jpg 768w, https:\/\/kasaloka.com\/wp-content\/uploads\/2023\/09\/000_Retrato_Nina_KL_Arg_BsAs_LR-1536x974.jpg 1536w\" sizes=\"auto, (max-width: 1920px) 100vw, 1920px\" \/>\t\t\t\t\t\t\t\t\t\t\t<figcaption class=\"widget-image-caption wp-caption-text\">Kasa Loka, barrio de La Boca, ciudad de Buenos Aires, Argentina. A\u00f1o: 2000. Foto: Loreley Ritta.<\/figcaption>\n\t\t\t\t\t\t\t\t\t\t<\/figure>\n\t\t\t\t\t\t\t\t\t<\/div>\n\t\t\t\t<\/div>\n\t\t\t\t\t<\/div>\n\t\t<\/div>\n\t\t\t\t\t\t\t<\/div>\n\t\t<\/section>\n\t\t\t\t<section class=\"elementor-section elementor-top-section elementor-element elementor-element-17e29f2 elementor-section-boxed elementor-section-height-default elementor-section-height-default\" data-id=\"17e29f2\" data-element_type=\"section\">\n\t\t\t\t\t\t<div class=\"elementor-container elementor-column-gap-default\">\n\t\t\t\t\t<div class=\"elementor-column elementor-col-100 elementor-top-column elementor-element elementor-element-e8ec5fa\" data-id=\"e8ec5fa\" data-element_type=\"column\">\n\t\t\t<div class=\"elementor-widget-wrap elementor-element-populated\">\n\t\t\t\t\t\t\t\t<div class=\"elementor-element elementor-element-2b8542c elementor-widget-divider--view-line elementor-widget elementor-widget-divider\" data-id=\"2b8542c\" data-element_type=\"widget\" data-widget_type=\"divider.default\">\n\t\t\t\t<div class=\"elementor-widget-container\">\n\t\t\t<style>\/*! elementor - v3.14.0 - 26-06-2023 *\/\n.elementor-widget-divider{--divider-border-style:none;--divider-border-width:1px;--divider-color:#0c0d0e;--divider-icon-size:20px;--divider-element-spacing:10px;--divider-pattern-height:24px;--divider-pattern-size:20px;--divider-pattern-url:none;--divider-pattern-repeat:repeat-x}.elementor-widget-divider .elementor-divider{display:flex}.elementor-widget-divider .elementor-divider__text{font-size:15px;line-height:1;max-width:95%}.elementor-widget-divider .elementor-divider__element{margin:0 var(--divider-element-spacing);flex-shrink:0}.elementor-widget-divider .elementor-icon{font-size:var(--divider-icon-size)}.elementor-widget-divider .elementor-divider-separator{display:flex;margin:0;direction:ltr}.elementor-widget-divider--view-line_icon .elementor-divider-separator,.elementor-widget-divider--view-line_text .elementor-divider-separator{align-items:center}.elementor-widget-divider--view-line_icon .elementor-divider-separator:after,.elementor-widget-divider--view-line_icon .elementor-divider-separator:before,.elementor-widget-divider--view-line_text .elementor-divider-separator:after,.elementor-widget-divider--view-line_text .elementor-divider-separator:before{display:block;content:\"\";border-bottom:0;flex-grow:1;border-top:var(--divider-border-width) var(--divider-border-style) var(--divider-color)}.elementor-widget-divider--element-align-left .elementor-divider .elementor-divider-separator>.elementor-divider__svg:first-of-type{flex-grow:0;flex-shrink:100}.elementor-widget-divider--element-align-left .elementor-divider-separator:before{content:none}.elementor-widget-divider--element-align-left .elementor-divider__element{margin-left:0}.elementor-widget-divider--element-align-right .elementor-divider .elementor-divider-separator>.elementor-divider__svg:last-of-type{flex-grow:0;flex-shrink:100}.elementor-widget-divider--element-align-right .elementor-divider-separator:after{content:none}.elementor-widget-divider--element-align-right .elementor-divider__element{margin-right:0}.elementor-widget-divider:not(.elementor-widget-divider--view-line_text):not(.elementor-widget-divider--view-line_icon) .elementor-divider-separator{border-top:var(--divider-border-width) var(--divider-border-style) var(--divider-color)}.elementor-widget-divider--separator-type-pattern{--divider-border-style:none}.elementor-widget-divider--separator-type-pattern.elementor-widget-divider--view-line .elementor-divider-separator,.elementor-widget-divider--separator-type-pattern:not(.elementor-widget-divider--view-line) .elementor-divider-separator:after,.elementor-widget-divider--separator-type-pattern:not(.elementor-widget-divider--view-line) .elementor-divider-separator:before,.elementor-widget-divider--separator-type-pattern:not([class*=elementor-widget-divider--view]) .elementor-divider-separator{width:100%;min-height:var(--divider-pattern-height);-webkit-mask-size:var(--divider-pattern-size) 100%;mask-size:var(--divider-pattern-size) 100%;-webkit-mask-repeat:var(--divider-pattern-repeat);mask-repeat:var(--divider-pattern-repeat);background-color:var(--divider-color);-webkit-mask-image:var(--divider-pattern-url);mask-image:var(--divider-pattern-url)}.elementor-widget-divider--no-spacing{--divider-pattern-size:auto}.elementor-widget-divider--bg-round{--divider-pattern-repeat:round}.rtl .elementor-widget-divider .elementor-divider__text{direction:rtl}.e-con-inner>.elementor-widget-divider,.e-con>.elementor-widget-divider{width:var(--container-widget-width,100%);--flex-grow:var(--container-widget-flex-grow)}<\/style>\t\t<div class=\"elementor-divider\">\n\t\t\t<span class=\"elementor-divider-separator\">\n\t\t\t\t\t\t<\/span>\n\t\t<\/div>\n\t\t\t\t<\/div>\n\t\t\t\t<\/div>\n\t\t\t\t\t<\/div>\n\t\t<\/div>\n\t\t\t\t\t\t\t<\/div>\n\t\t<\/section>\n\t\t\t\t<section class=\"elementor-section elementor-top-section elementor-element elementor-element-022fda9 elementor-section-boxed elementor-section-height-default elementor-section-height-default\" data-id=\"022fda9\" data-element_type=\"section\">\n\t\t\t\t\t\t<div class=\"elementor-container elementor-column-gap-default\">\n\t\t\t\t\t<div class=\"elementor-column elementor-col-100 elementor-top-column elementor-element elementor-element-3400867\" data-id=\"3400867\" data-element_type=\"column\">\n\t\t\t<div class=\"elementor-widget-wrap elementor-element-populated\">\n\t\t\t\t\t\t\t\t<div class=\"elementor-element elementor-element-44e8189 elementor-widget elementor-widget-heading\" data-id=\"44e8189\" data-element_type=\"widget\" data-widget_type=\"heading.default\">\n\t\t\t\t<div class=\"elementor-widget-container\">\n\t\t\t<style>\/*! elementor - v3.14.0 - 26-06-2023 *\/\n.elementor-heading-title{padding:0;margin:0;line-height:1}.elementor-widget-heading .elementor-heading-title[class*=elementor-size-]>a{color:inherit;font-size:inherit;line-height:inherit}.elementor-widget-heading .elementor-heading-title.elementor-size-small{font-size:15px}.elementor-widget-heading .elementor-heading-title.elementor-size-medium{font-size:19px}.elementor-widget-heading .elementor-heading-title.elementor-size-large{font-size:29px}.elementor-widget-heading .elementor-heading-title.elementor-size-xl{font-size:39px}.elementor-widget-heading .elementor-heading-title.elementor-size-xxl{font-size:59px}<\/style><h2 class=\"elementor-heading-title elementor-size-default\">El proyecto<\/h2>\t\t<\/div>\n\t\t\t\t<\/div>\n\t\t\t\t\t<\/div>\n\t\t<\/div>\n\t\t\t\t\t\t\t<\/div>\n\t\t<\/section>\n\t\t\t\t<section class=\"elementor-section elementor-top-section elementor-element elementor-element-f22edca elementor-section-boxed elementor-section-height-default elementor-section-height-default\" data-id=\"f22edca\" data-element_type=\"section\">\n\t\t\t\t\t\t<div class=\"elementor-container elementor-column-gap-default\">\n\t\t\t\t\t<div class=\"elementor-column elementor-col-100 elementor-top-column elementor-element elementor-element-24c0777\" data-id=\"24c0777\" data-element_type=\"column\">\n\t\t\t<div class=\"elementor-widget-wrap elementor-element-populated\">\n\t\t\t\t\t\t\t\t<div class=\"elementor-element elementor-element-98fef74 elementor-widget__width-initial elementor-widget elementor-widget-text-editor\" data-id=\"98fef74\" data-element_type=\"widget\" data-widget_type=\"text-editor.default\">\n\t\t\t\t<div class=\"elementor-widget-container\">\n\t\t\t<style>\/*! elementor - v3.14.0 - 26-06-2023 *\/\n.elementor-widget-text-editor.elementor-drop-cap-view-stacked .elementor-drop-cap{background-color:#69727d;color:#fff}.elementor-widget-text-editor.elementor-drop-cap-view-framed .elementor-drop-cap{color:#69727d;border:3px solid;background-color:transparent}.elementor-widget-text-editor:not(.elementor-drop-cap-view-default) .elementor-drop-cap{margin-top:8px}.elementor-widget-text-editor:not(.elementor-drop-cap-view-default) .elementor-drop-cap-letter{width:1em;height:1em}.elementor-widget-text-editor .elementor-drop-cap{float:left;text-align:center;line-height:1;font-size:50px}.elementor-widget-text-editor .elementor-drop-cap-letter{display:inline-block}<\/style>\t\t\t\t<p><span style=\"font-weight: 400;\"><strong>Kasa Loka<\/strong> nace con la intenci\u00f3n de activar la memoria colectiva mediante la publicaci\u00f3n de un archivo de fotograf\u00edas de las creadoras del proyecto, Ver\u00f3nica Borsani, Luz\u00eda Fern\u00e1ndez y Loreley Ritta; y que contin\u00faa creciendo gracias a los aportes de otras personas que realizaron y conservaron im\u00e1genes y otros documentos. Actuamente, los fondos son registros realizados entre 1990 y 2010 aproximadamente.\u00a0<\/span><\/p><p><span style=\"font-weight: 400;\">Las fotograf\u00edas documentan el clima de una \u00e9poca y las respuestas pol\u00edticas, de base anarquista, de j\u00f3venes que en esos a\u00f1os habitaron kasas y centros sociales okupados, organizaron recitales, bibliotecas, fiestas, ferias, y participaron de manifestaciones y eventos callejeros en distintas ciudades de Latinoam\u00e9rica y Europa. La particularidad de los fondos documentales es que fueron conformados por lxs protagonistas de dichas situaciones. Por eso, las im\u00e1genes son registro de una subjetividad particular y ofrecen una mirada in\u00e9dita, espont\u00e1nea e \u00edntima, creada por quienes quisieron dejar un testimonio vital.\u00a0<\/span><\/p><p><span style=\"font-weight: 400;\">Los documentos visuales componen un archivo multisituado y de distintxs autorxs, quienes actualmente resguardan sus propios materiales f\u00edsicos, entre los que se encuentran\u00a0<\/span><span style=\"font-family: Archivo; font-size: 16px; font-style: normal; font-variant-ligatures: normal; font-variant-caps: normal; font-weight: 400; color: var( --e-global-color-text ); letter-spacing: 0px;\">fotograf\u00edas anal\u00f3gicas en 35 mm color y blanco y negro; fotograf\u00edas digitales; diapositivas color; copias en papel fotogr\u00e1fico color y blanco y negro; flyers, pegatinas, fanzines y dibujos en papel.\u00a0<\/span><\/p><p><span style=\"font-size: 16px; font-weight: 400; color: var( --e-global-color-text ); letter-spacing: 0px;\">Kasa Loka realiza una conservaci\u00f3n digital de los materiales, con copias de seguridad en distintos puntos geogr\u00e1ficos, y los agrupa por Fondos, conjuntos de documentos de una misma persona. En esta p\u00e1gina web presentamos una selecci\u00f3n de aproximadamente 350 im\u00e1genes, mientras continuamos digitalizando y editando el material. Las Series combinan las im\u00e1genes de distintos fondos y fueron realizadas en instancias de edici\u00f3n colectiva, sobre distintos temas en com\u00fan.<\/span><\/p><p><span style=\"font-size: 16px; font-weight: 400; color: var( --e-global-color-text ); letter-spacing: 0px;\">Por su parte, el sello editorial <\/span><strong style=\"font-size: 16px; color: var( --e-global-color-text ); letter-spacing: 0px;\">Kasa Loka<\/strong><span style=\"font-size: 16px; font-weight: 400; color: var( --e-global-color-text ); letter-spacing: 0px;\"> es un espacio de creaci\u00f3n, activaci\u00f3n y construcci\u00f3n colectiva interesado en realizar publicaciones y exposiciones, participar de encuentros, talleres, charlas, medios gr\u00e1ficos y digitales, y otras propuestas colaborativas que permitan difundir, movilizar y resignificar las im\u00e1genes del archivo.:<\/span><\/p><p>\u00a0<\/p>\t\t\t\t\t\t<\/div>\n\t\t\t\t<\/div>\n\t\t\t\t<div class=\"elementor-element elementor-element-22c8f2a elementor-widget elementor-widget-heading\" data-id=\"22c8f2a\" data-element_type=\"widget\" data-widget_type=\"heading.default\">\n\t\t\t\t<div class=\"elementor-widget-container\">\n\t\t\t<h2 class=\"elementor-heading-title elementor-size-default\">Una breve historia<\/h2>\t\t<\/div>\n\t\t\t\t<\/div>\n\t\t\t\t<div class=\"elementor-element elementor-element-4ae4221 elementor-widget elementor-widget-text-editor\" data-id=\"4ae4221\" data-element_type=\"widget\" data-widget_type=\"text-editor.default\">\n\t\t\t\t<div class=\"elementor-widget-container\">\n\t\t\t\t\t\t\t<p><span style=\"font-size: 16px; font-weight: 400; color: var( --e-global-color-text ); letter-spacing: var( --e-global-typography-text-letter-spacing );\"><em>Kasa Loka<\/em> fue el nombre de una vivienda de alquiler compartida por punks y anarquistas que existi\u00f3 desde 1998 y hasta 2003 en el barrio de La Boca, en la ciudad de Buenos Aires, Argentina. Esta casa fue el espacio donde coincidieron las impulsoras de este archivo, que en ese entonces ten\u00edan entre 16 y 25 a\u00f1os, y llevaron adelante un registro fotogr\u00e1fico de su entorno.<\/span><\/p>\n<p><span style=\"font-weight: 400;\">El inicio del proyecto <strong>Kasa Loka<\/strong> fue en 2012, cuando estas amigas comienzan a reunirse con la intenci\u00f3n de compartir sus fotograf\u00edas para reconstruir su propia historia a partir de ellas. El objetivo inicial fue crear un fotolibro, por lo que se realizaron distintas ediciones del material hasta llegar a un relato visual conjunto. El a\u00f1o de las primeras reuniones tambi\u00e9n organizan una exposici\u00f3n en la 1\u00b0 Feria del Libro Punk y Derivados de Buenos Aires, un espacio de encuentro en torno a los libros, intergeneracional e independiente. En las sucesivas ediciones de este evento compartieron avances del proyecto.<\/span><\/p>\n<p><span style=\"font-weight: 400;\">Seis a\u00f1os despu\u00e9s, a finales de 2018, concluyen la edici\u00f3n del fotolibro de autor\u00eda colectiva titulado \u201cNo somos lo que te esperas\u201d, con im\u00e1genes de Ver\u00f3nica Borsani, Luzia Fern\u00e1ndez Loiza, Paula Marinaro y Loreley Ritta, con la particularidad que se constituye en el primer fotolibro colectivo realizado por mujeres sobre el punk. El relato visual prioriza la construcci\u00f3n de una historia com\u00fan, sin individualizar la autor\u00eda de cada foto. Con esta edici\u00f3n, se publica una peque\u00f1a tirada, de impresi\u00f3n digital y encuadernaci\u00f3n artesanal, que inaugura el sello Kasa Loka. En diciembre de 2019, realizan una nueva edici\u00f3n en impresi\u00f3n offset, de 500 ejemplares, gracias al apoyo de las editoriales Alcohol &amp; Fotocopias, Sub Editora y Tren en Movimiento. En enero de 2020, el trabajo se reedita en una nueva versi\u00f3n fotozine realizada en Espa\u00f1a gracias al esfuerzo conjunto de Ediciones disparatadas, Comunidad del Fuego, y Ediciones del Laberinto.<\/span><\/p>\n<p><span style=\"font-weight: 400;\">Desde entonces, las fotograf\u00edas del archivo se han publicado en distintos libros y revistas. Entre ellas, Rolling Stone Argentina, Cerdos &amp; Peces, Revista de fotograf\u00eda latinoamericana BALAM y, en Espa\u00f1a, en la Revista de fotograf\u00eda contempor\u00e1nea VA!. Las im\u00e1genes tambi\u00e9n han sido expuestas en galer\u00edas de arte y festivales internacionales de fotograf\u00eda en Latinoam\u00e9rica y Europa, y presentadas en encuentros diversos sobre feminismos, DD.HH., contracultura y arte visual<\/span><\/p>\t\t\t\t\t\t<\/div>\n\t\t\t\t<\/div>\n\t\t\t\t\t<\/div>\n\t\t<\/div>\n\t\t\t\t\t\t\t<\/div>\n\t\t<\/section>\n\t\t\t\t<section class=\"elementor-section elementor-top-section elementor-element elementor-element-3c536b9 elementor-section-boxed elementor-section-height-default elementor-section-height-default\" data-id=\"3c536b9\" data-element_type=\"section\">\n\t\t\t\t\t\t<div class=\"elementor-container elementor-column-gap-default\">\n\t\t\t\t\t<div class=\"elementor-column elementor-col-100 elementor-top-column elementor-element elementor-element-1c943b4\" data-id=\"1c943b4\" data-element_type=\"column\">\n\t\t\t<div class=\"elementor-widget-wrap elementor-element-populated\">\n\t\t\t\t\t\t\t\t<div class=\"elementor-element elementor-element-a52b04d elementor-widget-divider--view-line elementor-widget elementor-widget-divider\" data-id=\"a52b04d\" data-element_type=\"widget\" data-widget_type=\"divider.default\">\n\t\t\t\t<div class=\"elementor-widget-container\">\n\t\t\t\t\t<div class=\"elementor-divider\">\n\t\t\t<span class=\"elementor-divider-separator\">\n\t\t\t\t\t\t<\/span>\n\t\t<\/div>\n\t\t\t\t<\/div>\n\t\t\t\t<\/div>\n\t\t\t\t\t<\/div>\n\t\t<\/div>\n\t\t\t\t\t\t\t<\/div>\n\t\t<\/section>\n\t\t\t\t<section class=\"elementor-section elementor-top-section elementor-element elementor-element-fe47b7b elementor-section-boxed elementor-section-height-default elementor-section-height-default\" data-id=\"fe47b7b\" data-element_type=\"section\">\n\t\t\t\t\t\t<div class=\"elementor-container elementor-column-gap-default\">\n\t\t\t\t\t<div class=\"elementor-column elementor-col-100 elementor-top-column elementor-element elementor-element-deef952\" data-id=\"deef952\" data-element_type=\"column\">\n\t\t\t<div class=\"elementor-widget-wrap elementor-element-populated\">\n\t\t\t\t\t\t\t\t<div class=\"elementor-element elementor-element-bf9e0c3 elementor-widget elementor-widget-image\" data-id=\"bf9e0c3\" data-element_type=\"widget\" data-widget_type=\"image.default\">\n\t\t\t\t<div class=\"elementor-widget-container\">\n\t\t\t\t\t\t\t\t\t\t\t\t<figure class=\"wp-caption\">\n\t\t\t\t\t\t\t\t\t\t<img loading=\"lazy\" decoding=\"async\" width=\"1920\" height=\"286\" src=\"https:\/\/kasaloka.com\/wp-content\/uploads\/2023\/11\/Escrache-Weber_contacto_tiny.jpeg\" class=\"attachment-full size-full wp-image-2910\" alt=\"\" srcset=\"https:\/\/kasaloka.com\/wp-content\/uploads\/2023\/11\/Escrache-Weber_contacto_tiny.jpeg 1920w, https:\/\/kasaloka.com\/wp-content\/uploads\/2023\/11\/Escrache-Weber_contacto_tiny-300x45.jpeg 300w, https:\/\/kasaloka.com\/wp-content\/uploads\/2023\/11\/Escrache-Weber_contacto_tiny-1024x153.jpeg 1024w, https:\/\/kasaloka.com\/wp-content\/uploads\/2023\/11\/Escrache-Weber_contacto_tiny-768x114.jpeg 768w, https:\/\/kasaloka.com\/wp-content\/uploads\/2023\/11\/Escrache-Weber_contacto_tiny-1536x229.jpeg 1536w\" sizes=\"auto, (max-width: 1920px) 100vw, 1920px\" \/>\t\t\t\t\t\t\t\t\t\t\t<figcaption class=\"widget-image-caption wp-caption-text\">Escrache organizado por H.I.J.O.S. al comisario Ernesto Sergio Weber. Ciudad de Buenos Aires, Argentina. A\u00f1o 2000. Autora: Luz\u00eda Fern\u00e1ndez Loiza<\/figcaption>\n\t\t\t\t\t\t\t\t\t\t<\/figure>\n\t\t\t\t\t\t\t\t\t<\/div>\n\t\t\t\t<\/div>\n\t\t\t\t\t<\/div>\n\t\t<\/div>\n\t\t\t\t\t\t\t<\/div>\n\t\t<\/section>\n\t\t\t\t<section class=\"elementor-section elementor-top-section elementor-element elementor-element-7722a2a elementor-section-boxed elementor-section-height-default elementor-section-height-default\" data-id=\"7722a2a\" data-element_type=\"section\">\n\t\t\t\t\t\t<div class=\"elementor-container elementor-column-gap-default\">\n\t\t\t\t\t<div class=\"elementor-column elementor-col-100 elementor-top-column elementor-element elementor-element-14ea60d\" data-id=\"14ea60d\" data-element_type=\"column\">\n\t\t\t<div class=\"elementor-widget-wrap elementor-element-populated\">\n\t\t\t\t\t\t\t\t<div class=\"elementor-element elementor-element-011654a elementor-widget-divider--view-line elementor-widget elementor-widget-divider\" data-id=\"011654a\" data-element_type=\"widget\" data-widget_type=\"divider.default\">\n\t\t\t\t<div class=\"elementor-widget-container\">\n\t\t\t\t\t<div class=\"elementor-divider\">\n\t\t\t<span class=\"elementor-divider-separator\">\n\t\t\t\t\t\t<\/span>\n\t\t<\/div>\n\t\t\t\t<\/div>\n\t\t\t\t<\/div>\n\t\t\t\t\t<\/div>\n\t\t<\/div>\n\t\t\t\t\t\t\t<\/div>\n\t\t<\/section>\n\t\t\t\t<section class=\"elementor-section elementor-top-section elementor-element elementor-element-56dc0b0 elementor-section-boxed elementor-section-height-default elementor-section-height-default\" data-id=\"56dc0b0\" data-element_type=\"section\">\n\t\t\t\t\t\t<div class=\"elementor-container elementor-column-gap-default\">\n\t\t\t\t\t<div class=\"elementor-column elementor-col-100 elementor-top-column elementor-element elementor-element-86812bd\" data-id=\"86812bd\" data-element_type=\"column\">\n\t\t\t<div class=\"elementor-widget-wrap elementor-element-populated\">\n\t\t\t\t\t\t\t\t<div class=\"elementor-element elementor-element-be7a764 elementor-widget elementor-widget-heading\" data-id=\"be7a764\" data-element_type=\"widget\" data-widget_type=\"heading.default\">\n\t\t\t\t<div class=\"elementor-widget-container\">\n\t\t\t<h2 class=\"elementor-heading-title elementor-size-default\">Detr\u00e1s del archivo<\/h2>\t\t<\/div>\n\t\t\t\t<\/div>\n\t\t\t\t\t<\/div>\n\t\t<\/div>\n\t\t\t\t\t\t\t<\/div>\n\t\t<\/section>\n\t\t\t\t<section class=\"elementor-section elementor-top-section elementor-element elementor-element-c647923 elementor-section-boxed elementor-section-height-default elementor-section-height-default\" data-id=\"c647923\" data-element_type=\"section\">\n\t\t\t\t\t\t<div class=\"elementor-container elementor-column-gap-default\">\n\t\t\t\t\t<div class=\"elementor-column elementor-col-33 elementor-top-column elementor-element elementor-element-35c5928\" data-id=\"35c5928\" data-element_type=\"column\">\n\t\t\t<div class=\"elementor-widget-wrap elementor-element-populated\">\n\t\t\t\t\t\t\t\t<div class=\"elementor-element elementor-element-b577463 elementor-widget-divider--view-line elementor-widget elementor-widget-divider\" data-id=\"b577463\" data-element_type=\"widget\" data-widget_type=\"divider.default\">\n\t\t\t\t<div class=\"elementor-widget-container\">\n\t\t\t\t\t<div class=\"elementor-divider\">\n\t\t\t<span class=\"elementor-divider-separator\">\n\t\t\t\t\t\t<\/span>\n\t\t<\/div>\n\t\t\t\t<\/div>\n\t\t\t\t<\/div>\n\t\t\t\t<div class=\"elementor-element elementor-element-6559073 elementor-widget elementor-widget-image\" data-id=\"6559073\" data-element_type=\"widget\" data-widget_type=\"image.default\">\n\t\t\t\t<div class=\"elementor-widget-container\">\n\t\t\t\t\t\t\t\t\t\t\t\t\t\t\t<img loading=\"lazy\" decoding=\"async\" width=\"800\" height=\"516\" src=\"https:\/\/kasaloka.com\/wp-content\/uploads\/2023\/09\/0000_Autorretrato_Anzuola_Esp_Madrid_1999_VB-1024x661.jpg\" class=\"attachment-large size-large wp-image-1273\" alt=\"\" srcset=\"https:\/\/kasaloka.com\/wp-content\/uploads\/2023\/09\/0000_Autorretrato_Anzuola_Esp_Madrid_1999_VB-1024x661.jpg 1024w, https:\/\/kasaloka.com\/wp-content\/uploads\/2023\/09\/0000_Autorretrato_Anzuola_Esp_Madrid_1999_VB-300x194.jpg 300w, https:\/\/kasaloka.com\/wp-content\/uploads\/2023\/09\/0000_Autorretrato_Anzuola_Esp_Madrid_1999_VB-768x496.jpg 768w, https:\/\/kasaloka.com\/wp-content\/uploads\/2023\/09\/0000_Autorretrato_Anzuola_Esp_Madrid_1999_VB-1536x991.jpg 1536w, https:\/\/kasaloka.com\/wp-content\/uploads\/2023\/09\/0000_Autorretrato_Anzuola_Esp_Madrid_1999_VB.jpg 1920w\" sizes=\"auto, (max-width: 800px) 100vw, 800px\" \/>\t\t\t\t\t\t\t\t\t\t\t\t\t\t\t<\/div>\n\t\t\t\t<\/div>\n\t\t\t\t<div class=\"elementor-element elementor-element-419ee3b elementor-widget-divider--view-line elementor-widget elementor-widget-divider\" data-id=\"419ee3b\" data-element_type=\"widget\" data-widget_type=\"divider.default\">\n\t\t\t\t<div class=\"elementor-widget-container\">\n\t\t\t\t\t<div class=\"elementor-divider\">\n\t\t\t<span class=\"elementor-divider-separator\">\n\t\t\t\t\t\t<\/span>\n\t\t<\/div>\n\t\t\t\t<\/div>\n\t\t\t\t<\/div>\n\t\t\t\t<div class=\"elementor-element elementor-element-98dcfec elementor-widget elementor-widget-text-editor\" data-id=\"98dcfec\" data-element_type=\"widget\" data-widget_type=\"text-editor.default\">\n\t\t\t\t<div class=\"elementor-widget-container\">\n\t\t\t\t\t\t\t<p><span style=\"font-weight: 400;\"><strong>Ver\u00f3nica Borsani<\/strong> (Buenos Aires, 1975) vive y trabaja en la ciudad de Buenos Aires. Es dise\u00f1adora gr\u00e1fica graduada en la Universidad de Buenos Aires (UBA). Trabaja de forma independiente, colabora con medios gr\u00e1ficos, plataformas colectivas y en proyectos autogestionados desde los tiempos convulsionados que registra este archivo. Su viaje inici\u00e1tico a Europa a fines de la d\u00e9cada del &#8217;90, donde vivi\u00f3 en centros sociales okupados en distintas ciudades, le marc\u00f3 un rumbo que continu\u00f3 en Argentina. De esa trayectoria surge su proyecto visual autobiogr\u00e1fico &#8220;De Berl\u00edn a Laferrere&#8221; (en proceso de edici\u00f3n). Durante m\u00e1s de 10 a\u00f1os fue integrante de Sub Cooperativa de Fot\u00f3grafos y en 2016 funda Sub Editora, donde incursiona de lleno en el mundo del dise\u00f1o y la edici\u00f3n de fotolibros, universo en el que colisionan sus dos planetas favoritos. En la fotograf\u00eda se inicia a los siete a\u00f1os, arte que produce de manera inconsciente y err\u00e1tica durante toda su vida. Tambi\u00e9n pinta cuadros y cr\u00eda a Nina, de quien aprende cada d\u00eda que, como en fotograf\u00eda, dar a luz tambi\u00e9n es dar a sombra. Intenta no sucumbir a la rutina de lo dom\u00e9stico y escapa a lo salvaje cada vez que puede. Su fotolibro y proyecto personal <em><span style=\"text-decoration: underline;\"><a href=\"https:\/\/laniniapez.com\/\">La ni\u00f1a pez<\/a><\/span><\/em> fue publicado en 2025 por La Luminosa Editorial. Recibi\u00f3 el apoyo de una Beca Creaci\u00f3n del Fondo Nacional de las Artes de Argentina y del Programa Mecenazgo de Impulso Cultural del Ministerio de Cultura de la Ciudad de Buenos Aires. Entre otros reconocimientos, fue finalista del Star Photobook Dummy Award 2022 de la Fundaci\u00f3n Photographic Social Vision de Barcelona, Espa\u00f1a.\u00a0<\/span><\/p><p><span style=\"text-decoration: underline;\"><strong><a href=\"http:\/\/veronicaborsani.com.ar\/\">veronicaborsani.com.ar<\/a><\/strong><\/span><\/p><p><em>(Foto) Autorretrato en Anzuola, kasa okupada del barrio de La Prosperidad, Madrid, Espa\u00f1a, 1999.<\/em><\/p>\t\t\t\t\t\t<\/div>\n\t\t\t\t<\/div>\n\t\t\t\t<div class=\"elementor-element elementor-element-02941e2 elementor-widget-divider--view-line elementor-widget elementor-widget-divider\" data-id=\"02941e2\" data-element_type=\"widget\" data-widget_type=\"divider.default\">\n\t\t\t\t<div class=\"elementor-widget-container\">\n\t\t\t\t\t<div class=\"elementor-divider\">\n\t\t\t<span class=\"elementor-divider-separator\">\n\t\t\t\t\t\t<\/span>\n\t\t<\/div>\n\t\t\t\t<\/div>\n\t\t\t\t<\/div>\n\t\t\t\t\t<\/div>\n\t\t<\/div>\n\t\t\t\t<div class=\"elementor-column elementor-col-33 elementor-top-column elementor-element elementor-element-a95c84d\" data-id=\"a95c84d\" data-element_type=\"column\">\n\t\t\t<div class=\"elementor-widget-wrap elementor-element-populated\">\n\t\t\t\t\t\t\t\t<div class=\"elementor-element elementor-element-87cc652 elementor-widget-divider--view-line elementor-widget elementor-widget-divider\" data-id=\"87cc652\" data-element_type=\"widget\" data-widget_type=\"divider.default\">\n\t\t\t\t<div class=\"elementor-widget-container\">\n\t\t\t\t\t<div class=\"elementor-divider\">\n\t\t\t<span class=\"elementor-divider-separator\">\n\t\t\t\t\t\t<\/span>\n\t\t<\/div>\n\t\t\t\t<\/div>\n\t\t\t\t<\/div>\n\t\t\t\t<div class=\"elementor-element elementor-element-aa4901a elementor-widget elementor-widget-image\" data-id=\"aa4901a\" data-element_type=\"widget\" data-widget_type=\"image.default\">\n\t\t\t\t<div class=\"elementor-widget-container\">\n\t\t\t\t\t\t\t\t\t\t\t\t\t\t\t<img loading=\"lazy\" decoding=\"async\" width=\"800\" height=\"546\" src=\"https:\/\/kasaloka.com\/wp-content\/uploads\/2023\/10\/autorretrato_santiago_chile_2002_lfl-low-1024x699.jpg\" class=\"attachment-large size-large wp-image-2316\" alt=\"\" srcset=\"https:\/\/kasaloka.com\/wp-content\/uploads\/2023\/10\/autorretrato_santiago_chile_2002_lfl-low-1024x699.jpg 1024w, https:\/\/kasaloka.com\/wp-content\/uploads\/2023\/10\/autorretrato_santiago_chile_2002_lfl-low-300x205.jpg 300w, https:\/\/kasaloka.com\/wp-content\/uploads\/2023\/10\/autorretrato_santiago_chile_2002_lfl-low-768x524.jpg 768w, https:\/\/kasaloka.com\/wp-content\/uploads\/2023\/10\/autorretrato_santiago_chile_2002_lfl-low-1536x1048.jpg 1536w, https:\/\/kasaloka.com\/wp-content\/uploads\/2023\/10\/autorretrato_santiago_chile_2002_lfl-low-130x90.jpg 130w, https:\/\/kasaloka.com\/wp-content\/uploads\/2023\/10\/autorretrato_santiago_chile_2002_lfl-low.jpg 1920w\" sizes=\"auto, (max-width: 800px) 100vw, 800px\" \/>\t\t\t\t\t\t\t\t\t\t\t\t\t\t\t<\/div>\n\t\t\t\t<\/div>\n\t\t\t\t<div class=\"elementor-element elementor-element-c8b7831 elementor-widget-divider--view-line elementor-widget elementor-widget-divider\" data-id=\"c8b7831\" data-element_type=\"widget\" data-widget_type=\"divider.default\">\n\t\t\t\t<div class=\"elementor-widget-container\">\n\t\t\t\t\t<div class=\"elementor-divider\">\n\t\t\t<span class=\"elementor-divider-separator\">\n\t\t\t\t\t\t<\/span>\n\t\t<\/div>\n\t\t\t\t<\/div>\n\t\t\t\t<\/div>\n\t\t\t\t<div class=\"elementor-element elementor-element-7d3e7bc elementor-widget elementor-widget-text-editor\" data-id=\"7d3e7bc\" data-element_type=\"widget\" data-widget_type=\"text-editor.default\">\n\t\t\t\t<div class=\"elementor-widget-container\">\n\t\t\t\t\t\t\t<p><strong>Luc\u00eda Fern\u00e1ndez Loiza<\/strong> (Buenos Aires, 1979) es hija de madre historiadora del arte y padre soci\u00f3logo: creci\u00f3 entre libros, visitas a museos y exposiciones en la ciudad de Buenos Aires. Desde ni\u00f1a demostr\u00f3 su inter\u00e9s por lo art\u00edstico, su padre le ense\u00f1\u00f3 a usar la c\u00e1mara anal\u00f3gica familiar gracias a su curiosidad por el \u201c\u00e1lbum de familia\u201d. Durante la escuela primaria curs\u00f3 en el Instituto Vocacional de Arte y al terminar la secundaria estudi\u00f3 Historia en la UBA. Aburrida y decepcionada del mundo acad\u00e9mico, decidi\u00f3 inscribirse en la Escuela de Fotograf\u00eda de Avellaneda (IMDAFTA). Mientras aprend\u00eda el mundo de la foto anal\u00f3gica, registraba manifestaciones sociales y la contracultura punk de la cual form\u00f3 parte desde los 14 a\u00f1os. Un d\u00eda empez\u00f3 a viajar: M\u00e9xico, Argentina, Chile, Brasil, en cada lugar que visitaba documentaba a la gente y su entorno. La era digital gener\u00f3 un aumento en su producci\u00f3n fotogr\u00e1fica. Jam\u00e1s dej\u00f3 de sacar fotos, aun en \u00e9pocas en las que no tuvo c\u00e1mara propia, porque siempre existi\u00f3 la de alg\u00fan compa\u00f1erx. Durante m\u00e1s de una d\u00e9cada vivi\u00f3 en La Boca, el barrio porte\u00f1o conocido por su impronta popular y art\u00edstica. Siguieron talleres y cursos, a\u00f1os de estudio en el Instituto Universitario Nacional de Arte (actual UNA). Actualmente vive en Taf\u00ed del Valle, Tucum\u00e1n, Argentina, con sus dos hijas, su compa\u00f1ero y padre de ellas. El permanente amor por la naturaleza es la conexi\u00f3n esencial de su ser. Sigue registrando la vida y el entorno en forma continua y cotidiana.<\/p><p><span style=\"text-decoration: underline;\"><strong><a href=\"https:\/\/www.instagram.com\/luzialuz\/\">instagram.com\/luzialuz\/<\/a><\/strong><\/span><\/p><p><em>(Foto) Autorretrato, Santiago de Chile, Chile, 2002.<\/em><\/p>\t\t\t\t\t\t<\/div>\n\t\t\t\t<\/div>\n\t\t\t\t<div class=\"elementor-element elementor-element-2a07b08 elementor-widget-divider--view-line elementor-widget elementor-widget-divider\" data-id=\"2a07b08\" data-element_type=\"widget\" data-widget_type=\"divider.default\">\n\t\t\t\t<div class=\"elementor-widget-container\">\n\t\t\t\t\t<div class=\"elementor-divider\">\n\t\t\t<span class=\"elementor-divider-separator\">\n\t\t\t\t\t\t<\/span>\n\t\t<\/div>\n\t\t\t\t<\/div>\n\t\t\t\t<\/div>\n\t\t\t\t\t<\/div>\n\t\t<\/div>\n\t\t\t\t<div class=\"elementor-column elementor-col-33 elementor-top-column elementor-element elementor-element-856232a\" data-id=\"856232a\" data-element_type=\"column\">\n\t\t\t<div class=\"elementor-widget-wrap elementor-element-populated\">\n\t\t\t\t\t\t\t\t<div class=\"elementor-element elementor-element-a1b9fc5 elementor-widget-divider--view-line elementor-widget elementor-widget-divider\" data-id=\"a1b9fc5\" data-element_type=\"widget\" data-widget_type=\"divider.default\">\n\t\t\t\t<div class=\"elementor-widget-container\">\n\t\t\t\t\t<div class=\"elementor-divider\">\n\t\t\t<span class=\"elementor-divider-separator\">\n\t\t\t\t\t\t<\/span>\n\t\t<\/div>\n\t\t\t\t<\/div>\n\t\t\t\t<\/div>\n\t\t\t\t<div class=\"elementor-element elementor-element-9350b68 elementor-widget elementor-widget-image\" data-id=\"9350b68\" data-element_type=\"widget\" data-widget_type=\"image.default\">\n\t\t\t\t<div class=\"elementor-widget-container\">\n\t\t\t\t\t\t\t\t\t\t\t\t\t\t\t<img loading=\"lazy\" decoding=\"async\" width=\"800\" height=\"533\" src=\"https:\/\/kasaloka.com\/wp-content\/uploads\/2023\/09\/0014_autorretrato_Argentina_CABA_2003_LR-1024x682.jpg\" class=\"attachment-large size-large wp-image-907\" alt=\"\" srcset=\"https:\/\/kasaloka.com\/wp-content\/uploads\/2023\/09\/0014_autorretrato_Argentina_CABA_2003_LR-1024x682.jpg 1024w, https:\/\/kasaloka.com\/wp-content\/uploads\/2023\/09\/0014_autorretrato_Argentina_CABA_2003_LR-300x200.jpg 300w, https:\/\/kasaloka.com\/wp-content\/uploads\/2023\/09\/0014_autorretrato_Argentina_CABA_2003_LR-768x512.jpg 768w, https:\/\/kasaloka.com\/wp-content\/uploads\/2023\/09\/0014_autorretrato_Argentina_CABA_2003_LR-1536x1023.jpg 1536w, https:\/\/kasaloka.com\/wp-content\/uploads\/2023\/09\/0014_autorretrato_Argentina_CABA_2003_LR.jpg 1920w\" sizes=\"auto, (max-width: 800px) 100vw, 800px\" \/>\t\t\t\t\t\t\t\t\t\t\t\t\t\t\t<\/div>\n\t\t\t\t<\/div>\n\t\t\t\t<div class=\"elementor-element elementor-element-8b084f8 elementor-widget-divider--view-line elementor-widget elementor-widget-divider\" data-id=\"8b084f8\" data-element_type=\"widget\" data-widget_type=\"divider.default\">\n\t\t\t\t<div class=\"elementor-widget-container\">\n\t\t\t\t\t<div class=\"elementor-divider\">\n\t\t\t<span class=\"elementor-divider-separator\">\n\t\t\t\t\t\t<\/span>\n\t\t<\/div>\n\t\t\t\t<\/div>\n\t\t\t\t<\/div>\n\t\t\t\t<div class=\"elementor-element elementor-element-7d06fb7 elementor-widget elementor-widget-text-editor\" data-id=\"7d06fb7\" data-element_type=\"widget\" data-widget_type=\"text-editor.default\">\n\t\t\t\t<div class=\"elementor-widget-container\">\n\t\t\t\t\t\t\t<p><span style=\"font-weight: 400;\"><strong>Loreley Ritta<\/strong> (Buenos Aires, 1983) es fot\u00f3grafa y antrop\u00f3loga graduada en la Universidad de Buenos Aires, con formaci\u00f3n en Fotograf\u00eda documental, Gesti\u00f3n cultural y Comunicaci\u00f3n, G\u00e9neros y Sexualidades. De familia migrante, con oficio fotogr\u00e1fico y comerciante, creci\u00f3 entre las ciudades de Buenos Aires y Mar del Plata. A finales de los \u201890, su encuentro con el punk le provoc\u00f3 la necesidad de registrar y comenz\u00f3 a hacer fotos.\u00a0<\/span><span style=\"font-family: Archivo; font-size: 16px; font-style: normal; font-variant-ligatures: normal; font-variant-caps: normal; font-weight: 400;\">Realiz\u00f3 cursos, talleres y residencias de fot\u00f3grafxs en Argentina, Uruguay, Bolivia y Espa\u00f1a.<\/span><span style=\"font-family: Archivo; font-size: 16px; font-style: normal; font-variant-ligatures: normal; font-variant-caps: normal; font-weight: 400;\">\u00a0<\/span><span style=\"font-family: Archivo; font-size: 16px; font-weight: 400;\">Actualmente, se dedica a la docencia, la investigaci\u00f3n y el desarrollo de proyectos autorales en Argentina y Espa\u00f1a. Es parte del equipo del Programa de Fotograf\u00eda Documental de la Facultad de Filosof\u00eda y Letras de la Universidad de Buenos Aires, y es profesora del Departamento de Antropolog\u00eda Social de la Universidad Aut\u00f3noma de Barcelona.\u00a0<\/span><span style=\"font-family: Archivo; font-size: 16px; font-style: normal; font-variant-ligatures: normal; font-variant-caps: normal; font-weight: 400;\">Desde hace m\u00e1s de una d\u00e9cada es mediadora cultural, coordinando experiencias de fotograf\u00eda participativa y capacitaciones sobre im\u00e1genes, medios digitales y educaci\u00f3n.\u00a0<\/span><span style=\"font-family: Archivo; font-size: 16px; font-weight: 400;\">En 2022, su trabajo <a href=\"https:\/\/lac.iom.int\/es\/stories\/transmigraciones\"><em><span style=\"text-decoration: underline;\">Transmigraciones<\/span><\/em><\/a> obtuvo un reconocimiento de la OIM-ONU y recibi\u00f3 el apoyo del Fondo Nacional de las Artes de Argentina. En 2026, el inicio de su indagaci\u00f3n visual sobre la transmisi\u00f3n de la memoria y el silencio intergeneracional en su familia respecto a la represi\u00f3n franquista, se ha publicado en el libro colectivo <a href=\"https:\/\/sabersmigrants.net\/es\/actividades\/coleccion-polisemias\/1-polisemias-para-otros-tiempos\/\"><span style=\"text-decoration: underline;\"><em>Polisemias para otros tiempos<\/em><\/span><\/a> en Barcelona.<\/span><\/p><p><span style=\"text-decoration: underline;\"><strong><a href=\"https:\/\/www.instagram.com\/loreleyritta\/\">instagram.com\/loreleyritta<\/a><\/strong><\/span><\/p><p><em>(Foto) Autorretrato, ciudad de Buenos Aires, Argentina, 2003<\/em><\/p>\t\t\t\t\t\t<\/div>\n\t\t\t\t<\/div>\n\t\t\t\t<div class=\"elementor-element elementor-element-6cd7715 elementor-widget-divider--view-line elementor-widget elementor-widget-divider\" data-id=\"6cd7715\" data-element_type=\"widget\" data-widget_type=\"divider.default\">\n\t\t\t\t<div class=\"elementor-widget-container\">\n\t\t\t\t\t<div class=\"elementor-divider\">\n\t\t\t<span class=\"elementor-divider-separator\">\n\t\t\t\t\t\t<\/span>\n\t\t<\/div>\n\t\t\t\t<\/div>\n\t\t\t\t<\/div>\n\t\t\t\t\t<\/div>\n\t\t<\/div>\n\t\t\t\t\t\t\t<\/div>\n\t\t<\/section>\n\t\t\t\t<section class=\"elementor-section elementor-top-section elementor-element elementor-element-d834df7 elementor-section-boxed elementor-section-height-default elementor-section-height-default\" data-id=\"d834df7\" data-element_type=\"section\">\n\t\t\t\t\t\t<div class=\"elementor-container elementor-column-gap-default\">\n\t\t\t\t\t<div class=\"elementor-column elementor-col-100 elementor-top-column elementor-element elementor-element-7b141ac\" data-id=\"7b141ac\" data-element_type=\"column\">\n\t\t\t<div class=\"elementor-widget-wrap elementor-element-populated\">\n\t\t\t\t\t\t\t\t\t<\/div>\n\t\t<\/div>\n\t\t\t\t\t\t\t<\/div>\n\t\t<\/section>\n\t\t\t\t\t\t\t<\/div>\n\t\t","protected":false},"excerpt":{"rendered":"<p>Kasa Loka, barrio de La Boca, ciudad de Buenos Aires, Argentina. A\u00f1o: 2000. Foto: Loreley Ritta. El proyecto Kasa Loka<\/p>\n","protected":false},"author":1,"featured_media":780,"parent":0,"menu_order":0,"comment_status":"closed","ping_status":"closed","template":"","meta":{"footnotes":""},"class_list":["post-235","page","type-page","status-publish","has-post-thumbnail","hentry"],"_links":{"self":[{"href":"https:\/\/kasaloka.com\/index.php\/wp-json\/wp\/v2\/pages\/235","targetHints":{"allow":["GET"]}}],"collection":[{"href":"https:\/\/kasaloka.com\/index.php\/wp-json\/wp\/v2\/pages"}],"about":[{"href":"https:\/\/kasaloka.com\/index.php\/wp-json\/wp\/v2\/types\/page"}],"author":[{"embeddable":true,"href":"https:\/\/kasaloka.com\/index.php\/wp-json\/wp\/v2\/users\/1"}],"replies":[{"embeddable":true,"href":"https:\/\/kasaloka.com\/index.php\/wp-json\/wp\/v2\/comments?post=235"}],"version-history":[{"count":333,"href":"https:\/\/kasaloka.com\/index.php\/wp-json\/wp\/v2\/pages\/235\/revisions"}],"predecessor-version":[{"id":3644,"href":"https:\/\/kasaloka.com\/index.php\/wp-json\/wp\/v2\/pages\/235\/revisions\/3644"}],"wp:featuredmedia":[{"embeddable":true,"href":"https:\/\/kasaloka.com\/index.php\/wp-json\/wp\/v2\/media\/780"}],"wp:attachment":[{"href":"https:\/\/kasaloka.com\/index.php\/wp-json\/wp\/v2\/media?parent=235"}],"curies":[{"name":"wp","href":"https:\/\/api.w.org\/{rel}","templated":true}]}}