{"id":442,"date":"2023-07-14T02:06:17","date_gmt":"2023-07-14T02:06:17","guid":{"rendered":"https:\/\/kasaloka.com\/?page_id=442"},"modified":"2024-07-01T19:24:02","modified_gmt":"2024-07-01T19:24:02","slug":"actividades","status":"publish","type":"page","link":"https:\/\/kasaloka.com\/index.php\/actividades\/","title":{"rendered":"Actividades"},"content":{"rendered":"\t\t<div data-elementor-type=\"wp-page\" data-elementor-id=\"442\" class=\"elementor elementor-442\">\n\t\t\t\t\t\t\t\t\t<section class=\"elementor-section elementor-top-section elementor-element elementor-element-c9f71f1 elementor-section-boxed elementor-section-height-default elementor-section-height-default\" data-id=\"c9f71f1\" data-element_type=\"section\">\n\t\t\t\t\t\t<div class=\"elementor-container elementor-column-gap-default\">\n\t\t\t\t\t<div class=\"elementor-column elementor-col-25 elementor-top-column elementor-element elementor-element-42a9196\" data-id=\"42a9196\" data-element_type=\"column\">\n\t\t\t<div class=\"elementor-widget-wrap elementor-element-populated\">\n\t\t\t\t\t\t\t\t<div class=\"elementor-element elementor-element-e630cbb elementor-widget-divider--view-line elementor-widget elementor-widget-divider\" data-id=\"e630cbb\" data-element_type=\"widget\" data-widget_type=\"divider.default\">\n\t\t\t\t<div class=\"elementor-widget-container\">\n\t\t\t<style>\/*! elementor - v3.14.0 - 26-06-2023 *\/\n.elementor-widget-divider{--divider-border-style:none;--divider-border-width:1px;--divider-color:#0c0d0e;--divider-icon-size:20px;--divider-element-spacing:10px;--divider-pattern-height:24px;--divider-pattern-size:20px;--divider-pattern-url:none;--divider-pattern-repeat:repeat-x}.elementor-widget-divider .elementor-divider{display:flex}.elementor-widget-divider .elementor-divider__text{font-size:15px;line-height:1;max-width:95%}.elementor-widget-divider .elementor-divider__element{margin:0 var(--divider-element-spacing);flex-shrink:0}.elementor-widget-divider .elementor-icon{font-size:var(--divider-icon-size)}.elementor-widget-divider .elementor-divider-separator{display:flex;margin:0;direction:ltr}.elementor-widget-divider--view-line_icon .elementor-divider-separator,.elementor-widget-divider--view-line_text .elementor-divider-separator{align-items:center}.elementor-widget-divider--view-line_icon .elementor-divider-separator:after,.elementor-widget-divider--view-line_icon .elementor-divider-separator:before,.elementor-widget-divider--view-line_text .elementor-divider-separator:after,.elementor-widget-divider--view-line_text .elementor-divider-separator:before{display:block;content:\"\";border-bottom:0;flex-grow:1;border-top:var(--divider-border-width) var(--divider-border-style) var(--divider-color)}.elementor-widget-divider--element-align-left .elementor-divider .elementor-divider-separator>.elementor-divider__svg:first-of-type{flex-grow:0;flex-shrink:100}.elementor-widget-divider--element-align-left .elementor-divider-separator:before{content:none}.elementor-widget-divider--element-align-left .elementor-divider__element{margin-left:0}.elementor-widget-divider--element-align-right .elementor-divider .elementor-divider-separator>.elementor-divider__svg:last-of-type{flex-grow:0;flex-shrink:100}.elementor-widget-divider--element-align-right .elementor-divider-separator:after{content:none}.elementor-widget-divider--element-align-right .elementor-divider__element{margin-right:0}.elementor-widget-divider:not(.elementor-widget-divider--view-line_text):not(.elementor-widget-divider--view-line_icon) .elementor-divider-separator{border-top:var(--divider-border-width) var(--divider-border-style) var(--divider-color)}.elementor-widget-divider--separator-type-pattern{--divider-border-style:none}.elementor-widget-divider--separator-type-pattern.elementor-widget-divider--view-line .elementor-divider-separator,.elementor-widget-divider--separator-type-pattern:not(.elementor-widget-divider--view-line) .elementor-divider-separator:after,.elementor-widget-divider--separator-type-pattern:not(.elementor-widget-divider--view-line) .elementor-divider-separator:before,.elementor-widget-divider--separator-type-pattern:not([class*=elementor-widget-divider--view]) .elementor-divider-separator{width:100%;min-height:var(--divider-pattern-height);-webkit-mask-size:var(--divider-pattern-size) 100%;mask-size:var(--divider-pattern-size) 100%;-webkit-mask-repeat:var(--divider-pattern-repeat);mask-repeat:var(--divider-pattern-repeat);background-color:var(--divider-color);-webkit-mask-image:var(--divider-pattern-url);mask-image:var(--divider-pattern-url)}.elementor-widget-divider--no-spacing{--divider-pattern-size:auto}.elementor-widget-divider--bg-round{--divider-pattern-repeat:round}.rtl .elementor-widget-divider .elementor-divider__text{direction:rtl}.e-con-inner>.elementor-widget-divider,.e-con>.elementor-widget-divider{width:var(--container-widget-width,100%);--flex-grow:var(--container-widget-flex-grow)}<\/style>\t\t<div class=\"elementor-divider\">\n\t\t\t<span class=\"elementor-divider-separator\">\n\t\t\t\t\t\t<\/span>\n\t\t<\/div>\n\t\t\t\t<\/div>\n\t\t\t\t<\/div>\n\t\t\t\t<div class=\"elementor-element elementor-element-23fdad0 elementor-widget elementor-widget-heading\" data-id=\"23fdad0\" data-element_type=\"widget\" data-widget_type=\"heading.default\">\n\t\t\t\t<div class=\"elementor-widget-container\">\n\t\t\t<style>\/*! elementor - v3.14.0 - 26-06-2023 *\/\n.elementor-heading-title{padding:0;margin:0;line-height:1}.elementor-widget-heading .elementor-heading-title[class*=elementor-size-]>a{color:inherit;font-size:inherit;line-height:inherit}.elementor-widget-heading .elementor-heading-title.elementor-size-small{font-size:15px}.elementor-widget-heading .elementor-heading-title.elementor-size-medium{font-size:19px}.elementor-widget-heading .elementor-heading-title.elementor-size-large{font-size:29px}.elementor-widget-heading .elementor-heading-title.elementor-size-xl{font-size:39px}.elementor-widget-heading .elementor-heading-title.elementor-size-xxl{font-size:59px}<\/style><h2 class=\"elementor-heading-title elementor-size-default\">FERIA FOTOGR\u00c1FICA  <b>2024<\/b><\/h2>\t\t<\/div>\n\t\t\t\t<\/div>\n\t\t\t\t<div class=\"elementor-element elementor-element-a0cffcc elementor-widget__width-initial elementor-position-top elementor-vertical-align-top elementor-widget elementor-widget-image-box\" data-id=\"a0cffcc\" data-element_type=\"widget\" data-widget_type=\"image-box.default\">\n\t\t\t\t<div class=\"elementor-widget-container\">\n\t\t\t<style>\/*! elementor - v3.14.0 - 26-06-2023 *\/\n.elementor-widget-image-box .elementor-image-box-content{width:100%}@media (min-width:768px){.elementor-widget-image-box.elementor-position-left .elementor-image-box-wrapper,.elementor-widget-image-box.elementor-position-right .elementor-image-box-wrapper{display:flex}.elementor-widget-image-box.elementor-position-right .elementor-image-box-wrapper{text-align:right;flex-direction:row-reverse}.elementor-widget-image-box.elementor-position-left .elementor-image-box-wrapper{text-align:left;flex-direction:row}.elementor-widget-image-box.elementor-position-top .elementor-image-box-img{margin:auto}.elementor-widget-image-box.elementor-vertical-align-top .elementor-image-box-wrapper{align-items:flex-start}.elementor-widget-image-box.elementor-vertical-align-middle .elementor-image-box-wrapper{align-items:center}.elementor-widget-image-box.elementor-vertical-align-bottom .elementor-image-box-wrapper{align-items:flex-end}}@media (max-width:767px){.elementor-widget-image-box .elementor-image-box-img{margin-left:auto!important;margin-right:auto!important;margin-bottom:15px}}.elementor-widget-image-box .elementor-image-box-img{display:inline-block}.elementor-widget-image-box .elementor-image-box-title a{color:inherit}.elementor-widget-image-box .elementor-image-box-wrapper{text-align:center}.elementor-widget-image-box .elementor-image-box-description{margin:0}<\/style><div class=\"elementor-image-box-wrapper\"><figure class=\"elementor-image-box-img\"><a href=\"https:\/\/www.instagram.com\/p\/C7BujfmKphM\/?img_index=1\" target=\"_blank\"><img loading=\"lazy\" decoding=\"async\" width=\"589\" height=\"572\" src=\"https:\/\/kasaloka.com\/wp-content\/uploads\/2024\/07\/Feria-Xiringuito.jpg\" class=\"attachment-full size-full wp-image-3341\" alt=\"\" srcset=\"https:\/\/kasaloka.com\/wp-content\/uploads\/2024\/07\/Feria-Xiringuito.jpg 589w, https:\/\/kasaloka.com\/wp-content\/uploads\/2024\/07\/Feria-Xiringuito-300x291.jpg 300w\" sizes=\"auto, (max-width: 589px) 100vw, 589px\" \/><\/a><\/figure><div class=\"elementor-image-box-content\"><h3 class=\"elementor-image-box-title\"><a href=\"https:\/\/www.instagram.com\/p\/C7BujfmKphM\/?img_index=1\" target=\"_blank\">Feria de Fotograf\u00eda Xiringuito<\/a><\/h3><p class=\"elementor-image-box-description\">Kasa Loka fue seleccionada para participar de la <b>Feria Xiringuito, edici\u00f3n \"La foto no est\u00e1 sola\",<\/b> junto a otros proyectos editoriales y art\u00edsticos, organizada por el Centro C\u00edvico Can Bast\u00e9 de Barcelona, uno de los espacios especializados en fotograf\u00eda en la ciudad. <br>El eje de la feria fueron los proyectos de autopublicaci\u00f3n que utilizan la imagen desde distintas disciplinas. <br>Las actividades de la jornada fueron la Feria de Publicaciones, el taller  \"Fotocopiar fotocopias fotocopiadas\", concierto y dj's. <br>Centro C\u00edvico Can Bast\u00e9, Barcelona. <br style=\"color: rgb(245, 245, 245); font-family: -apple-system, BlinkMacSystemFont, &quot;Segoe UI&quot;, Roboto, Helvetica, Arial, sans-serif; font-size: 14px; white-space-collapse: collapse; background-color: rgb(0, 0, 0);\"><\/p><\/div><\/div>\t\t<\/div>\n\t\t\t\t<\/div>\n\t\t\t\t\t<\/div>\n\t\t<\/div>\n\t\t\t\t<div class=\"elementor-column elementor-col-25 elementor-top-column elementor-element elementor-element-8d589f9\" data-id=\"8d589f9\" data-element_type=\"column\">\n\t\t\t<div class=\"elementor-widget-wrap elementor-element-populated\">\n\t\t\t\t\t\t\t\t<div class=\"elementor-element elementor-element-60eb66b elementor-widget-divider--view-line elementor-widget elementor-widget-divider\" data-id=\"60eb66b\" data-element_type=\"widget\" data-widget_type=\"divider.default\">\n\t\t\t\t<div class=\"elementor-widget-container\">\n\t\t\t\t\t<div class=\"elementor-divider\">\n\t\t\t<span class=\"elementor-divider-separator\">\n\t\t\t\t\t\t<\/span>\n\t\t<\/div>\n\t\t\t\t<\/div>\n\t\t\t\t<\/div>\n\t\t\t\t<div class=\"elementor-element elementor-element-1a26d7e elementor-widget elementor-widget-heading\" data-id=\"1a26d7e\" data-element_type=\"widget\" data-widget_type=\"heading.default\">\n\t\t\t\t<div class=\"elementor-widget-container\">\n\t\t\t<h2 class=\"elementor-heading-title elementor-size-default\">ENCUENTRO  <b>2024<\/b><\/h2>\t\t<\/div>\n\t\t\t\t<\/div>\n\t\t\t\t<div class=\"elementor-element elementor-element-39bfce8 elementor-widget__width-initial elementor-position-top elementor-vertical-align-top elementor-widget elementor-widget-image-box\" data-id=\"39bfce8\" data-element_type=\"widget\" data-widget_type=\"image-box.default\">\n\t\t\t\t<div class=\"elementor-widget-container\">\n\t\t\t<div class=\"elementor-image-box-wrapper\"><figure class=\"elementor-image-box-img\"><a href=\"https:\/\/www.instagram.com\/p\/C6nn_3pK7c-\/?img_index=1\" target=\"_blank\"><img loading=\"lazy\" decoding=\"async\" width=\"1081\" height=\"1351\" src=\"https:\/\/kasaloka.com\/wp-content\/uploads\/2024\/07\/Encuentro-de-colectivos-fotograficos-en-Barcelona-1.jpg\" class=\"attachment-full size-full wp-image-3335\" alt=\"\" srcset=\"https:\/\/kasaloka.com\/wp-content\/uploads\/2024\/07\/Encuentro-de-colectivos-fotograficos-en-Barcelona-1.jpg 1081w, https:\/\/kasaloka.com\/wp-content\/uploads\/2024\/07\/Encuentro-de-colectivos-fotograficos-en-Barcelona-1-240x300.jpg 240w, https:\/\/kasaloka.com\/wp-content\/uploads\/2024\/07\/Encuentro-de-colectivos-fotograficos-en-Barcelona-1-819x1024.jpg 819w, https:\/\/kasaloka.com\/wp-content\/uploads\/2024\/07\/Encuentro-de-colectivos-fotograficos-en-Barcelona-1-768x960.jpg 768w\" sizes=\"auto, (max-width: 1081px) 100vw, 1081px\" \/><\/a><\/figure><div class=\"elementor-image-box-content\"><h3 class=\"elementor-image-box-title\"><a href=\"https:\/\/www.instagram.com\/p\/C6nn_3pK7c-\/?img_index=1\" target=\"_blank\">1\u00b0 Encuentro de colectivos migrantes de fotograf\u00eda<\/a><\/h3><p class=\"elementor-image-box-description\">Kasa Loka participa del <b>Primer Encuentro de colectivos fotogr\u00e1ficos en Barcelona<\/b>, junto a MitMaq, Faczine, Mal de Ojo, Isla Colectivo y Consuelo Press. <br>El encuentro reuni\u00f3 a fot\u00f3grafxs y editoriales migrantes con la intenci\u00f3n de poner en com\u00fan el panorama actual, fortalecer la red existente y organizar acciones entre colectivos e individualidades. <br><span style=\"font-weight:normal;\" id=\"docs-internal-guid-6328dc65-7fff-aa2f-73c8-54c2c5937ae1\">Espacio de Fotograf\u00eda El Observatorio. Barrio de Gracia, Barcelona. <\/span><\/p><\/div><\/div>\t\t<\/div>\n\t\t\t\t<\/div>\n\t\t\t\t\t<\/div>\n\t\t<\/div>\n\t\t\t\t<div class=\"elementor-column elementor-col-25 elementor-top-column elementor-element elementor-element-255d543\" data-id=\"255d543\" data-element_type=\"column\">\n\t\t\t<div class=\"elementor-widget-wrap elementor-element-populated\">\n\t\t\t\t\t\t\t\t<div class=\"elementor-element elementor-element-b0fc82f elementor-widget-divider--view-line elementor-widget elementor-widget-divider\" data-id=\"b0fc82f\" data-element_type=\"widget\" data-widget_type=\"divider.default\">\n\t\t\t\t<div class=\"elementor-widget-container\">\n\t\t\t\t\t<div class=\"elementor-divider\">\n\t\t\t<span class=\"elementor-divider-separator\">\n\t\t\t\t\t\t<\/span>\n\t\t<\/div>\n\t\t\t\t<\/div>\n\t\t\t\t<\/div>\n\t\t\t\t<div class=\"elementor-element elementor-element-790a93d elementor-widget elementor-widget-heading\" data-id=\"790a93d\" data-element_type=\"widget\" data-widget_type=\"heading.default\">\n\t\t\t\t<div class=\"elementor-widget-container\">\n\t\t\t<h2 class=\"elementor-heading-title elementor-size-default\">EX\u00b4PO <b>2024<\/b><\/h2>\t\t<\/div>\n\t\t\t\t<\/div>\n\t\t\t\t<div class=\"elementor-element elementor-element-e6c1645 elementor-widget__width-initial elementor-position-top elementor-vertical-align-top elementor-widget elementor-widget-image-box\" data-id=\"e6c1645\" data-element_type=\"widget\" data-widget_type=\"image-box.default\">\n\t\t\t\t<div class=\"elementor-widget-container\">\n\t\t\t<div class=\"elementor-image-box-wrapper\"><figure class=\"elementor-image-box-img\"><a href=\"https:\/\/www.instagram.com\/p\/C6dZ3TBKqju\/\" target=\"_blank\"><img loading=\"lazy\" decoding=\"async\" width=\"1810\" height=\"2560\" src=\"https:\/\/kasaloka.com\/wp-content\/uploads\/2024\/05\/Festival-Ullal-2024-scaled.jpg\" class=\"attachment-full size-full wp-image-3277\" alt=\"\" srcset=\"https:\/\/kasaloka.com\/wp-content\/uploads\/2024\/05\/Festival-Ullal-2024-scaled.jpg 1810w, https:\/\/kasaloka.com\/wp-content\/uploads\/2024\/05\/Festival-Ullal-2024-212x300.jpg 212w, https:\/\/kasaloka.com\/wp-content\/uploads\/2024\/05\/Festival-Ullal-2024-724x1024.jpg 724w, https:\/\/kasaloka.com\/wp-content\/uploads\/2024\/05\/Festival-Ullal-2024-768x1086.jpg 768w, https:\/\/kasaloka.com\/wp-content\/uploads\/2024\/05\/Festival-Ullal-2024-1086x1536.jpg 1086w, https:\/\/kasaloka.com\/wp-content\/uploads\/2024\/05\/Festival-Ullal-2024-1448x2048.jpg 1448w\" sizes=\"auto, (max-width: 1810px) 100vw, 1810px\" \/><\/a><\/figure><div class=\"elementor-image-box-content\"><h3 class=\"elementor-image-box-title\"><a href=\"https:\/\/www.instagram.com\/p\/C6dZ3TBKqju\/\" target=\"_blank\">ULLAL Festival de Fotograf\u00eda Incisiva<\/a><\/h3><p class=\"elementor-image-box-description\">Festival transfeminista de fotograf\u00eda autogestionado por organizaciones de base. El evento se enfoca en visibilizar las luchas, las pr\u00e1cticas de resistencia y los modos de vida disidentes. <br>Las im\u00e1genes de Kasa Loka participan de la <b>exposici\u00f3n colectiva en la categor\u00eda Pa\u2019 Luego<\/b>, im\u00e1genes de archivo que se resisten al olvido. <br>Can Batll\u00f3, Barcelona, Espa\u00f1a.<\/p><\/div><\/div>\t\t<\/div>\n\t\t\t\t<\/div>\n\t\t\t\t\t<\/div>\n\t\t<\/div>\n\t\t\t\t<div class=\"elementor-column elementor-col-25 elementor-top-column elementor-element elementor-element-ad655c5\" data-id=\"ad655c5\" data-element_type=\"column\">\n\t\t\t<div class=\"elementor-widget-wrap elementor-element-populated\">\n\t\t\t\t\t\t\t\t<div class=\"elementor-element elementor-element-ab4abd7 elementor-widget-divider--view-line elementor-widget elementor-widget-divider\" data-id=\"ab4abd7\" data-element_type=\"widget\" data-widget_type=\"divider.default\">\n\t\t\t\t<div class=\"elementor-widget-container\">\n\t\t\t\t\t<div class=\"elementor-divider\">\n\t\t\t<span class=\"elementor-divider-separator\">\n\t\t\t\t\t\t<\/span>\n\t\t<\/div>\n\t\t\t\t<\/div>\n\t\t\t\t<\/div>\n\t\t\t\t<div class=\"elementor-element elementor-element-c02f758 elementor-widget elementor-widget-heading\" data-id=\"c02f758\" data-element_type=\"widget\" data-widget_type=\"heading.default\">\n\t\t\t\t<div class=\"elementor-widget-container\">\n\t\t\t<h2 class=\"elementor-heading-title elementor-size-default\">PRESENTACI\u00d3N WEB <b>2023<\/b><\/h2>\t\t<\/div>\n\t\t\t\t<\/div>\n\t\t\t\t<div class=\"elementor-element elementor-element-38857ea elementor-widget__width-initial elementor-position-top elementor-vertical-align-top elementor-widget elementor-widget-image-box\" data-id=\"38857ea\" data-element_type=\"widget\" data-widget_type=\"image-box.default\">\n\t\t\t\t<div class=\"elementor-widget-container\">\n\t\t\t<div class=\"elementor-image-box-wrapper\"><figure class=\"elementor-image-box-img\"><a href=\"https:\/\/www.instagram.com\/p\/CzmpzUBOEvF\/?img_index=1\" target=\"_blank\"><img loading=\"lazy\" decoding=\"async\" width=\"1598\" height=\"1600\" src=\"https:\/\/kasaloka.com\/wp-content\/uploads\/2024\/05\/Feria-Punk-2024_Presentacion-Web_Flyer2.jpeg\" class=\"attachment-full size-full wp-image-3270\" alt=\"\" srcset=\"https:\/\/kasaloka.com\/wp-content\/uploads\/2024\/05\/Feria-Punk-2024_Presentacion-Web_Flyer2.jpeg 1598w, https:\/\/kasaloka.com\/wp-content\/uploads\/2024\/05\/Feria-Punk-2024_Presentacion-Web_Flyer2-300x300.jpeg 300w, https:\/\/kasaloka.com\/wp-content\/uploads\/2024\/05\/Feria-Punk-2024_Presentacion-Web_Flyer2-1024x1024.jpeg 1024w, https:\/\/kasaloka.com\/wp-content\/uploads\/2024\/05\/Feria-Punk-2024_Presentacion-Web_Flyer2-150x150.jpeg 150w, https:\/\/kasaloka.com\/wp-content\/uploads\/2024\/05\/Feria-Punk-2024_Presentacion-Web_Flyer2-768x769.jpeg 768w, https:\/\/kasaloka.com\/wp-content\/uploads\/2024\/05\/Feria-Punk-2024_Presentacion-Web_Flyer2-1534x1536.jpeg 1534w\" sizes=\"auto, (max-width: 1598px) 100vw, 1598px\" \/><\/a><\/figure><div class=\"elementor-image-box-content\"><h3 class=\"elementor-image-box-title\"><a href=\"https:\/\/www.instagram.com\/p\/CzmpzUBOEvF\/?img_index=1\" target=\"_blank\">Feria del Libro Punk & derivadxs<\/a><\/h3><p class=\"elementor-image-box-description\">Presentaci\u00f3n y lanzamiento de la p\u00e1gina web de Kasa Loka en la <b>Feria del Libro Punk &amp; Derivados<\/b>.\nLa p\u00e1gina fue realizada de forma autogestionada y se trata de un esfuerzo colectivo pensado para que el archivo tenga nuevas miradas y se entrame en la memoria colectiva; y para que siga creciendo con los aportes de otrxs fot\u00f3grafxs y colaboradorxs.<br>Se presentan los objetivos del proyecto y los fondos que lo componen, en una presentaci\u00f3n- instalaci\u00f3n a cargo de  Ver\u00f3nica Borsani. <br>La CaZona de Flores, espacio cultural y pol\u00edtico, ciudad de Buenos Aires, Argentina.<\/p><\/div><\/div>\t\t<\/div>\n\t\t\t\t<\/div>\n\t\t\t\t\t<\/div>\n\t\t<\/div>\n\t\t\t\t\t\t\t<\/div>\n\t\t<\/section>\n\t\t\t\t<section class=\"elementor-section elementor-top-section elementor-element elementor-element-37e8d6b elementor-section-boxed elementor-section-height-default elementor-section-height-default\" data-id=\"37e8d6b\" data-element_type=\"section\">\n\t\t\t\t\t\t<div class=\"elementor-container elementor-column-gap-default\">\n\t\t\t\t\t<div class=\"elementor-column elementor-col-25 elementor-top-column elementor-element elementor-element-873d3af\" data-id=\"873d3af\" data-element_type=\"column\">\n\t\t\t<div class=\"elementor-widget-wrap elementor-element-populated\">\n\t\t\t\t\t\t\t\t<div class=\"elementor-element elementor-element-1189479 elementor-widget-divider--view-line elementor-widget elementor-widget-divider\" data-id=\"1189479\" data-element_type=\"widget\" data-widget_type=\"divider.default\">\n\t\t\t\t<div class=\"elementor-widget-container\">\n\t\t\t\t\t<div class=\"elementor-divider\">\n\t\t\t<span class=\"elementor-divider-separator\">\n\t\t\t\t\t\t<\/span>\n\t\t<\/div>\n\t\t\t\t<\/div>\n\t\t\t\t<\/div>\n\t\t\t\t<div class=\"elementor-element elementor-element-d28ec08 elementor-widget elementor-widget-heading\" data-id=\"d28ec08\" data-element_type=\"widget\" data-widget_type=\"heading.default\">\n\t\t\t\t<div class=\"elementor-widget-container\">\n\t\t\t<h2 class=\"elementor-heading-title elementor-size-default\">EXPO <b>2023<\/b><\/h2>\t\t<\/div>\n\t\t\t\t<\/div>\n\t\t\t\t<div class=\"elementor-element elementor-element-3fc6711 elementor-widget__width-initial elementor-position-top elementor-vertical-align-top elementor-widget elementor-widget-image-box\" data-id=\"3fc6711\" data-element_type=\"widget\" data-widget_type=\"image-box.default\">\n\t\t\t\t<div class=\"elementor-widget-container\">\n\t\t\t<div class=\"elementor-image-box-wrapper\"><figure class=\"elementor-image-box-img\"><a href=\"https:\/\/www.instagram.com\/p\/C0mLGVKO0sH\/?img_index=1\" target=\"_blank\"><img loading=\"lazy\" decoding=\"async\" width=\"800\" height=\"1200\" src=\"https:\/\/kasaloka.com\/wp-content\/uploads\/2024\/05\/2023_Balam-Nuevas-masculinades-Sao-Paulo_01122023.jpeg\" class=\"attachment-full size-full wp-image-3265\" alt=\"\" srcset=\"https:\/\/kasaloka.com\/wp-content\/uploads\/2024\/05\/2023_Balam-Nuevas-masculinades-Sao-Paulo_01122023.jpeg 800w, https:\/\/kasaloka.com\/wp-content\/uploads\/2024\/05\/2023_Balam-Nuevas-masculinades-Sao-Paulo_01122023-200x300.jpeg 200w, https:\/\/kasaloka.com\/wp-content\/uploads\/2024\/05\/2023_Balam-Nuevas-masculinades-Sao-Paulo_01122023-683x1024.jpeg 683w, https:\/\/kasaloka.com\/wp-content\/uploads\/2024\/05\/2023_Balam-Nuevas-masculinades-Sao-Paulo_01122023-768x1152.jpeg 768w\" sizes=\"auto, (max-width: 800px) 100vw, 800px\" \/><\/a><\/figure><div class=\"elementor-image-box-content\"><h3 class=\"elementor-image-box-title\"><a href=\"https:\/\/www.instagram.com\/p\/C0mLGVKO0sH\/?img_index=1\" target=\"_blank\">Nuevas Masculinidades<\/a><\/h3><p class=\"elementor-image-box-description\">Exposici\u00f3n colectiva co-organizada por revista Balam y el Instituto de Arquitetos do Brasil.\n<b>Comisariada<\/b> por Thyago Nogueira\n<b>Expograf\u00eda<\/b> Tiago Guimar\u00e3es\n<b>Producci\u00f3n<\/b> Fe Avila<br>\n01.12 al 20.12 de 2023<br><span style=\"font-variant-ligatures: normal; font-variant-caps: normal; font-family: Archivo, sans-serif; font-size: 13px; font-style: normal; font-weight: 400;\">Central Galeria, <\/span><span style=\"font-family: Archivo, sans-serif; font-size: 13px; font-style: normal; font-variant-ligatures: normal; font-variant-caps: normal; font-weight: 400;\">San Pablo, Brasil.<\/span>\n<\/p><\/div><\/div>\t\t<\/div>\n\t\t\t\t<\/div>\n\t\t\t\t\t<\/div>\n\t\t<\/div>\n\t\t\t\t<div class=\"elementor-column elementor-col-25 elementor-top-column elementor-element elementor-element-cceb074\" data-id=\"cceb074\" data-element_type=\"column\">\n\t\t\t<div class=\"elementor-widget-wrap elementor-element-populated\">\n\t\t\t\t\t\t\t\t<div class=\"elementor-element elementor-element-7d26086 elementor-widget-divider--view-line elementor-widget elementor-widget-divider\" data-id=\"7d26086\" data-element_type=\"widget\" data-widget_type=\"divider.default\">\n\t\t\t\t<div class=\"elementor-widget-container\">\n\t\t\t\t\t<div class=\"elementor-divider\">\n\t\t\t<span class=\"elementor-divider-separator\">\n\t\t\t\t\t\t<\/span>\n\t\t<\/div>\n\t\t\t\t<\/div>\n\t\t\t\t<\/div>\n\t\t\t\t<div class=\"elementor-element elementor-element-2a78ff3 elementor-widget elementor-widget-heading\" data-id=\"2a78ff3\" data-element_type=\"widget\" data-widget_type=\"heading.default\">\n\t\t\t\t<div class=\"elementor-widget-container\">\n\t\t\t<h2 class=\"elementor-heading-title elementor-size-default\">FESTIVAL <b>2023<\/b><\/h2>\t\t<\/div>\n\t\t\t\t<\/div>\n\t\t\t\t<div class=\"elementor-element elementor-element-f030974 elementor-widget__width-initial elementor-position-top elementor-vertical-align-top elementor-widget elementor-widget-image-box\" data-id=\"f030974\" data-element_type=\"widget\" data-widget_type=\"image-box.default\">\n\t\t\t\t<div class=\"elementor-widget-container\">\n\t\t\t<div class=\"elementor-image-box-wrapper\"><figure class=\"elementor-image-box-img\"><a href=\"https:\/\/www.youtube.com\/watch?v=x3HLpJLdW0c&#038;ab_channel=ContactoFotoFest\" target=\"_blank\"><img loading=\"lazy\" decoding=\"async\" width=\"491\" height=\"477\" src=\"https:\/\/kasaloka.com\/wp-content\/uploads\/2024\/05\/Contacto-Fotofest-mdp-.jpg\" class=\"attachment-full size-full wp-image-3324\" alt=\"\" srcset=\"https:\/\/kasaloka.com\/wp-content\/uploads\/2024\/05\/Contacto-Fotofest-mdp-.jpg 491w, https:\/\/kasaloka.com\/wp-content\/uploads\/2024\/05\/Contacto-Fotofest-mdp--300x291.jpg 300w\" sizes=\"auto, (max-width: 491px) 100vw, 491px\" \/><\/a><\/figure><div class=\"elementor-image-box-content\"><h3 class=\"elementor-image-box-title\"><a href=\"https:\/\/www.youtube.com\/watch?v=x3HLpJLdW0c&#038;ab_channel=ContactoFotoFest\" target=\"_blank\">Contacto FotoFest<\/a><\/h3><p class=\"elementor-image-box-description\">4\u00b0 Edici\u00f3n del Festival y Encuentro Nacional de Fotograf\u00eda Contacto FotoFest. \nLas fotograf\u00edas de Kasa Loka fueron seleccionadas en la categor\u00eda <b>Identidad, Orgullo y Resistencia:<\/b> una convocatoria  fotogr\u00e1fica para aportar a la memoria visual que reafirma a la movilizaci\u00f3n popular como motor de cambio. <br>\nDurante los d\u00edas del festival se proyectaron las im\u00e1genes en distintos espacios culturales. <br>\nEncuentro realizado del 24 al 26 de Noviembre en la ciudad de Mar del Plata, Argentina.<\/p><\/div><\/div>\t\t<\/div>\n\t\t\t\t<\/div>\n\t\t\t\t\t<\/div>\n\t\t<\/div>\n\t\t\t\t<div class=\"elementor-column elementor-col-25 elementor-top-column elementor-element elementor-element-141c6c7\" data-id=\"141c6c7\" data-element_type=\"column\">\n\t\t\t<div class=\"elementor-widget-wrap elementor-element-populated\">\n\t\t\t\t\t\t\t\t<div class=\"elementor-element elementor-element-6ce3f7a elementor-widget-divider--view-line elementor-widget elementor-widget-divider\" data-id=\"6ce3f7a\" data-element_type=\"widget\" data-widget_type=\"divider.default\">\n\t\t\t\t<div class=\"elementor-widget-container\">\n\t\t\t\t\t<div class=\"elementor-divider\">\n\t\t\t<span class=\"elementor-divider-separator\">\n\t\t\t\t\t\t<\/span>\n\t\t<\/div>\n\t\t\t\t<\/div>\n\t\t\t\t<\/div>\n\t\t\t\t<div class=\"elementor-element elementor-element-4216d5a elementor-widget elementor-widget-heading\" data-id=\"4216d5a\" data-element_type=\"widget\" data-widget_type=\"heading.default\">\n\t\t\t\t<div class=\"elementor-widget-container\">\n\t\t\t<h2 class=\"elementor-heading-title elementor-size-default\">EXPO <b>2023<\/b><\/h2>\t\t<\/div>\n\t\t\t\t<\/div>\n\t\t\t\t<div class=\"elementor-element elementor-element-faf0c64 elementor-position-top elementor-vertical-align-top elementor-widget elementor-widget-image-box\" data-id=\"faf0c64\" data-element_type=\"widget\" data-widget_type=\"image-box.default\">\n\t\t\t\t<div class=\"elementor-widget-container\">\n\t\t\t<div class=\"elementor-image-box-wrapper\"><figure class=\"elementor-image-box-img\"><a href=\"https:\/\/www.instagram.com\/p\/CxGJFeouEse\/?img_index=4\" target=\"_blank\"><img loading=\"lazy\" decoding=\"async\" width=\"1482\" height=\"1600\" src=\"https:\/\/kasaloka.com\/wp-content\/uploads\/2023\/09\/Balam-Foto-Encuentro-160923.jpeg\" class=\"attachment-full size-full wp-image-1428\" alt=\"\" srcset=\"https:\/\/kasaloka.com\/wp-content\/uploads\/2023\/09\/Balam-Foto-Encuentro-160923.jpeg 1482w, https:\/\/kasaloka.com\/wp-content\/uploads\/2023\/09\/Balam-Foto-Encuentro-160923-278x300.jpeg 278w, https:\/\/kasaloka.com\/wp-content\/uploads\/2023\/09\/Balam-Foto-Encuentro-160923-948x1024.jpeg 948w, https:\/\/kasaloka.com\/wp-content\/uploads\/2023\/09\/Balam-Foto-Encuentro-160923-768x829.jpeg 768w, https:\/\/kasaloka.com\/wp-content\/uploads\/2023\/09\/Balam-Foto-Encuentro-160923-1423x1536.jpeg 1423w\" sizes=\"auto, (max-width: 1482px) 100vw, 1482px\" \/><\/a><\/figure><div class=\"elementor-image-box-content\"><h3 class=\"elementor-image-box-title\"><a href=\"https:\/\/www.instagram.com\/p\/CxGJFeouEse\/?img_index=4\" target=\"_blank\">Balam Foto Encuentro<\/a><\/h3><p class=\"elementor-image-box-description\">Participaci\u00f3n en la exposici\u00f3n colectiva del lanzamiento oficial de la revista Balam edici\u00f3n N9 \"Nuevas masculinidades\". Feria, proyecci\u00f3n y presentaciones en Labrado Estudio, ciudad de Buenos Aires (CABA), Argentina.<\/p><\/div><\/div>\t\t<\/div>\n\t\t\t\t<\/div>\n\t\t\t\t\t<\/div>\n\t\t<\/div>\n\t\t\t\t<div class=\"elementor-column elementor-col-25 elementor-top-column elementor-element elementor-element-bb901d6\" data-id=\"bb901d6\" data-element_type=\"column\">\n\t\t\t<div class=\"elementor-widget-wrap elementor-element-populated\">\n\t\t\t\t\t\t\t\t<div class=\"elementor-element elementor-element-3682acf elementor-widget-divider--view-line elementor-widget elementor-widget-divider\" data-id=\"3682acf\" data-element_type=\"widget\" data-widget_type=\"divider.default\">\n\t\t\t\t<div class=\"elementor-widget-container\">\n\t\t\t\t\t<div class=\"elementor-divider\">\n\t\t\t<span class=\"elementor-divider-separator\">\n\t\t\t\t\t\t<\/span>\n\t\t<\/div>\n\t\t\t\t<\/div>\n\t\t\t\t<\/div>\n\t\t\t\t<div class=\"elementor-element elementor-element-2312729 elementor-widget elementor-widget-heading\" data-id=\"2312729\" data-element_type=\"widget\" data-widget_type=\"heading.default\">\n\t\t\t\t<div class=\"elementor-widget-container\">\n\t\t\t<h2 class=\"elementor-heading-title elementor-size-default\">PROYECCI\u00d3N <b>2023<\/b> <\/h2>\t\t<\/div>\n\t\t\t\t<\/div>\n\t\t\t\t<div class=\"elementor-element elementor-element-d4ff8f1 elementor-position-top elementor-vertical-align-top elementor-widget elementor-widget-image-box\" data-id=\"d4ff8f1\" data-element_type=\"widget\" data-widget_type=\"image-box.default\">\n\t\t\t\t<div class=\"elementor-widget-container\">\n\t\t\t<div class=\"elementor-image-box-wrapper\"><figure class=\"elementor-image-box-img\"><a href=\"https:\/\/www.youtube.com\/watch?v=kuwmoVRFhs8\" target=\"_blank\"><img loading=\"lazy\" decoding=\"async\" width=\"1080\" height=\"1081\" src=\"https:\/\/kasaloka.com\/wp-content\/uploads\/2023\/09\/Balam-El-Local-Proyeccion_low.jpg\" class=\"attachment-full size-full wp-image-1485\" alt=\"\" srcset=\"https:\/\/kasaloka.com\/wp-content\/uploads\/2023\/09\/Balam-El-Local-Proyeccion_low.jpg 1080w, https:\/\/kasaloka.com\/wp-content\/uploads\/2023\/09\/Balam-El-Local-Proyeccion_low-300x300.jpg 300w, https:\/\/kasaloka.com\/wp-content\/uploads\/2023\/09\/Balam-El-Local-Proyeccion_low-1024x1024.jpg 1024w, https:\/\/kasaloka.com\/wp-content\/uploads\/2023\/09\/Balam-El-Local-Proyeccion_low-150x150.jpg 150w, https:\/\/kasaloka.com\/wp-content\/uploads\/2023\/09\/Balam-El-Local-Proyeccion_low-768x769.jpg 768w\" sizes=\"auto, (max-width: 1080px) 100vw, 1080px\" \/><\/a><\/figure><div class=\"elementor-image-box-content\"><h3 class=\"elementor-image-box-title\"><a href=\"https:\/\/www.youtube.com\/watch?v=kuwmoVRFhs8\" target=\"_blank\">El Local + Balam<\/a><\/h3><p class=\"elementor-image-box-description\">\u00bfQui\u00e9n define lo que es una familia de \"verdad\"? \u00bfD\u00f3nde encontramos nuestras familias? Lxs curadorxs buscaron indagar a trav\u00e9s de im\u00e1genes de familias establecidas por opci\u00f3n, que muestran una evoluci\u00f3n en la comprensi\u00f3n cultural y en las normas sociales que evidencian la obsolescencia de mandatos dominantes, determinantes y coercitivos. Presentaci\u00f3n revista Balam N8 \"Familias Elegidas\". El Local, Madrid, Espa\u00f1a.<\/p><\/div><\/div>\t\t<\/div>\n\t\t\t\t<\/div>\n\t\t\t\t\t<\/div>\n\t\t<\/div>\n\t\t\t\t\t\t\t<\/div>\n\t\t<\/section>\n\t\t\t\t<section class=\"elementor-section elementor-top-section elementor-element elementor-element-72a414f elementor-section-boxed elementor-section-height-default elementor-section-height-default\" data-id=\"72a414f\" data-element_type=\"section\">\n\t\t\t\t\t\t<div class=\"elementor-container elementor-column-gap-default\">\n\t\t\t\t\t<div class=\"elementor-column elementor-col-25 elementor-top-column elementor-element elementor-element-4fa8a78\" data-id=\"4fa8a78\" data-element_type=\"column\">\n\t\t\t<div class=\"elementor-widget-wrap elementor-element-populated\">\n\t\t\t\t\t\t\t\t<div class=\"elementor-element elementor-element-a68acd2 elementor-widget-divider--view-line elementor-widget elementor-widget-divider\" data-id=\"a68acd2\" data-element_type=\"widget\" data-widget_type=\"divider.default\">\n\t\t\t\t<div class=\"elementor-widget-container\">\n\t\t\t\t\t<div class=\"elementor-divider\">\n\t\t\t<span class=\"elementor-divider-separator\">\n\t\t\t\t\t\t<\/span>\n\t\t<\/div>\n\t\t\t\t<\/div>\n\t\t\t\t<\/div>\n\t\t\t\t<div class=\"elementor-element elementor-element-7f88ef4 elementor-widget elementor-widget-heading\" data-id=\"7f88ef4\" data-element_type=\"widget\" data-widget_type=\"heading.default\">\n\t\t\t\t<div class=\"elementor-widget-container\">\n\t\t\t<h2 class=\"elementor-heading-title elementor-size-default\">EXPO <b>2023<\/b><\/h2>\t\t<\/div>\n\t\t\t\t<\/div>\n\t\t\t\t<div class=\"elementor-element elementor-element-861707c elementor-position-top elementor-vertical-align-top elementor-widget elementor-widget-image-box\" data-id=\"861707c\" data-element_type=\"widget\" data-widget_type=\"image-box.default\">\n\t\t\t\t<div class=\"elementor-widget-container\">\n\t\t\t<div class=\"elementor-image-box-wrapper\"><figure class=\"elementor-image-box-img\"><a href=\"https:\/\/www.instagram.com\/p\/CsWSZ4tgjRk\/\" target=\"_blank\"><img loading=\"lazy\" decoding=\"async\" width=\"1600\" height=\"1600\" src=\"https:\/\/kasaloka.com\/wp-content\/uploads\/2023\/09\/Novias-Barrakesh.jpeg\" class=\"attachment-full size-full wp-image-1434\" alt=\"\" srcset=\"https:\/\/kasaloka.com\/wp-content\/uploads\/2023\/09\/Novias-Barrakesh.jpeg 1600w, https:\/\/kasaloka.com\/wp-content\/uploads\/2023\/09\/Novias-Barrakesh-300x300.jpeg 300w, https:\/\/kasaloka.com\/wp-content\/uploads\/2023\/09\/Novias-Barrakesh-1024x1024.jpeg 1024w, https:\/\/kasaloka.com\/wp-content\/uploads\/2023\/09\/Novias-Barrakesh-150x150.jpeg 150w, https:\/\/kasaloka.com\/wp-content\/uploads\/2023\/09\/Novias-Barrakesh-768x768.jpeg 768w, https:\/\/kasaloka.com\/wp-content\/uploads\/2023\/09\/Novias-Barrakesh-1536x1536.jpeg 1536w\" sizes=\"auto, (max-width: 1600px) 100vw, 1600px\" \/><\/a><\/figure><div class=\"elementor-image-box-content\"><h3 class=\"elementor-image-box-title\"><a href=\"https:\/\/www.instagram.com\/p\/CsWSZ4tgjRk\/\" target=\"_blank\">Novias<\/a><\/h3><p class=\"elementor-image-box-description\">\u00bfQu\u00e9 significa la solter\u00eda? \u00bfQu\u00e9 significa usar un vestido? \u00bfEs necesario ser amada para usar un vestido? Revista Balam y Valerie\u2019s Factory se unen para presentar una muestra colectiva con estos interrogantes. Galer\u00eda Barrakesh, ciudad de Buenos Aires, Argentina. <br><b>Curadur\u00eda:<\/b> Jimena Nahuel Lisu y Luis Ju\u00e1rez.<\/p><\/div><\/div>\t\t<\/div>\n\t\t\t\t<\/div>\n\t\t\t\t\t<\/div>\n\t\t<\/div>\n\t\t\t\t<div class=\"elementor-column elementor-col-25 elementor-top-column elementor-element elementor-element-49c50ee\" data-id=\"49c50ee\" data-element_type=\"column\">\n\t\t\t<div class=\"elementor-widget-wrap elementor-element-populated\">\n\t\t\t\t\t\t\t\t<div class=\"elementor-element elementor-element-3376fc5 elementor-widget-divider--view-line elementor-widget elementor-widget-divider\" data-id=\"3376fc5\" data-element_type=\"widget\" data-widget_type=\"divider.default\">\n\t\t\t\t<div class=\"elementor-widget-container\">\n\t\t\t\t\t<div class=\"elementor-divider\">\n\t\t\t<span class=\"elementor-divider-separator\">\n\t\t\t\t\t\t<\/span>\n\t\t<\/div>\n\t\t\t\t<\/div>\n\t\t\t\t<\/div>\n\t\t\t\t<div class=\"elementor-element elementor-element-6c3de42 elementor-widget elementor-widget-heading\" data-id=\"6c3de42\" data-element_type=\"widget\" data-widget_type=\"heading.default\">\n\t\t\t\t<div class=\"elementor-widget-container\">\n\t\t\t<h2 class=\"elementor-heading-title elementor-size-default\">EXPO <b>2022<\/b><\/h2>\t\t<\/div>\n\t\t\t\t<\/div>\n\t\t\t\t<div class=\"elementor-element elementor-element-bdf8290 elementor-widget__width-initial elementor-position-top elementor-vertical-align-top elementor-widget elementor-widget-image-box\" data-id=\"bdf8290\" data-element_type=\"widget\" data-widget_type=\"image-box.default\">\n\t\t\t\t<div class=\"elementor-widget-container\">\n\t\t\t<div class=\"elementor-image-box-wrapper\"><figure class=\"elementor-image-box-img\"><a href=\"https:\/\/www.instagram.com\/p\/CpdnYVSPn-5\/?img_index=1\" target=\"_blank\"><img loading=\"lazy\" decoding=\"async\" width=\"1080\" height=\"1080\" src=\"https:\/\/kasaloka.com\/wp-content\/uploads\/2023\/09\/Humeda-Galeria-Deseo_low.jpg\" class=\"attachment-full size-full wp-image-1454\" alt=\"\" srcset=\"https:\/\/kasaloka.com\/wp-content\/uploads\/2023\/09\/Humeda-Galeria-Deseo_low.jpg 1080w, https:\/\/kasaloka.com\/wp-content\/uploads\/2023\/09\/Humeda-Galeria-Deseo_low-300x300.jpg 300w, https:\/\/kasaloka.com\/wp-content\/uploads\/2023\/09\/Humeda-Galeria-Deseo_low-1024x1024.jpg 1024w, https:\/\/kasaloka.com\/wp-content\/uploads\/2023\/09\/Humeda-Galeria-Deseo_low-150x150.jpg 150w, https:\/\/kasaloka.com\/wp-content\/uploads\/2023\/09\/Humeda-Galeria-Deseo_low-768x768.jpg 768w\" sizes=\"auto, (max-width: 1080px) 100vw, 1080px\" \/><\/a><\/figure><div class=\"elementor-image-box-content\"><h3 class=\"elementor-image-box-title\"><a href=\"https:\/\/www.instagram.com\/p\/CpdnYVSPn-5\/?img_index=1\" target=\"_blank\">Galer\u00eda H\u00fameda<\/a><\/h3><p class=\"elementor-image-box-description\">\"La Gloria\" es una exposici\u00f3n permanente en los ba\u00f1os del club nocturno <i>Deseo, <\/i>donde funciona la galer\u00eda H\u00fameda. Fue inaugurada en diciembre de 2022, junto a revista Balam y m\u00e1s de 20 artistas en exposici\u00f3n. <br>Puede visitarse en <i>Deseo<\/i>, Ciudad de Buenos Aires, Argentina. <br><b>Curadur\u00eda:<\/b> Julia Sbriller y Luis Ju\u00e1rez.<\/p><\/div><\/div>\t\t<\/div>\n\t\t\t\t<\/div>\n\t\t\t\t\t<\/div>\n\t\t<\/div>\n\t\t\t\t<div class=\"elementor-column elementor-col-25 elementor-top-column elementor-element elementor-element-fc5d97e\" data-id=\"fc5d97e\" data-element_type=\"column\">\n\t\t\t<div class=\"elementor-widget-wrap elementor-element-populated\">\n\t\t\t\t\t\t\t\t<div class=\"elementor-element elementor-element-4d46ad4 elementor-widget-divider--view-line elementor-widget elementor-widget-divider\" data-id=\"4d46ad4\" data-element_type=\"widget\" data-widget_type=\"divider.default\">\n\t\t\t\t<div class=\"elementor-widget-container\">\n\t\t\t\t\t<div class=\"elementor-divider\">\n\t\t\t<span class=\"elementor-divider-separator\">\n\t\t\t\t\t\t<\/span>\n\t\t<\/div>\n\t\t\t\t<\/div>\n\t\t\t\t<\/div>\n\t\t\t\t<div class=\"elementor-element elementor-element-75d7758 elementor-widget elementor-widget-heading\" data-id=\"75d7758\" data-element_type=\"widget\" data-widget_type=\"heading.default\">\n\t\t\t\t<div class=\"elementor-widget-container\">\n\t\t\t<h2 class=\"elementor-heading-title elementor-size-default\">CHARLA <b>2021<\/b><\/h2>\t\t<\/div>\n\t\t\t\t<\/div>\n\t\t\t\t<div class=\"elementor-element elementor-element-fbaef58 elementor-position-top elementor-vertical-align-top elementor-widget elementor-widget-image-box\" data-id=\"fbaef58\" data-element_type=\"widget\" data-widget_type=\"image-box.default\">\n\t\t\t\t<div class=\"elementor-widget-container\">\n\t\t\t<div class=\"elementor-image-box-wrapper\"><figure class=\"elementor-image-box-img\"><a href=\"https:\/\/www.instagram.com\/p\/CknTiB2OFz2\/?img_index=1\" target=\"_blank\"><img loading=\"lazy\" decoding=\"async\" width=\"1080\" height=\"1080\" src=\"https:\/\/kasaloka.com\/wp-content\/uploads\/2023\/09\/KL-Flyer-Feria-del-Libro-Punk-2022.jpg\" class=\"attachment-full size-full wp-image-1494\" alt=\"\" srcset=\"https:\/\/kasaloka.com\/wp-content\/uploads\/2023\/09\/KL-Flyer-Feria-del-Libro-Punk-2022.jpg 1080w, https:\/\/kasaloka.com\/wp-content\/uploads\/2023\/09\/KL-Flyer-Feria-del-Libro-Punk-2022-300x300.jpg 300w, https:\/\/kasaloka.com\/wp-content\/uploads\/2023\/09\/KL-Flyer-Feria-del-Libro-Punk-2022-1024x1024.jpg 1024w, https:\/\/kasaloka.com\/wp-content\/uploads\/2023\/09\/KL-Flyer-Feria-del-Libro-Punk-2022-150x150.jpg 150w, https:\/\/kasaloka.com\/wp-content\/uploads\/2023\/09\/KL-Flyer-Feria-del-Libro-Punk-2022-768x768.jpg 768w\" sizes=\"auto, (max-width: 1080px) 100vw, 1080px\" \/><\/a><\/figure><div class=\"elementor-image-box-content\"><h3 class=\"elementor-image-box-title\"><a href=\"https:\/\/www.instagram.com\/p\/CknTiB2OFz2\/?img_index=1\" target=\"_blank\">Feria del Libro Punk & Derivadxs<\/a><\/h3><p class=\"elementor-image-box-description\"><i>Archivismo Punk\/ Contracultural<\/i> llamando a la formaci\u00f3n de un archivo colectivo. La editorial Alcohol &amp; Fotocopias a trav\u00e9s del proyecto \"Or\u00edgenes del Fanzine Punk en Argentina\", abre el relato junto a Inerme Discos y Kasa Loka contando varias de las experiencias subterr\u00e1neas referidas a este modo de archiv\u00edstica D.I.Y. La Casona de Flores, CABA, Argentina.<\/p><\/div><\/div>\t\t<\/div>\n\t\t\t\t<\/div>\n\t\t\t\t\t<\/div>\n\t\t<\/div>\n\t\t\t\t<div class=\"elementor-column elementor-col-25 elementor-top-column elementor-element elementor-element-63e702d\" data-id=\"63e702d\" data-element_type=\"column\">\n\t\t\t<div class=\"elementor-widget-wrap elementor-element-populated\">\n\t\t\t\t\t\t\t\t<div class=\"elementor-element elementor-element-bb8c805 elementor-widget-divider--view-line elementor-widget elementor-widget-divider\" data-id=\"bb8c805\" data-element_type=\"widget\" data-widget_type=\"divider.default\">\n\t\t\t\t<div class=\"elementor-widget-container\">\n\t\t\t\t\t<div class=\"elementor-divider\">\n\t\t\t<span class=\"elementor-divider-separator\">\n\t\t\t\t\t\t<\/span>\n\t\t<\/div>\n\t\t\t\t<\/div>\n\t\t\t\t<\/div>\n\t\t\t\t<div class=\"elementor-element elementor-element-35daa55 elementor-widget elementor-widget-heading\" data-id=\"35daa55\" data-element_type=\"widget\" data-widget_type=\"heading.default\">\n\t\t\t\t<div class=\"elementor-widget-container\">\n\t\t\t<h2 class=\"elementor-heading-title elementor-size-default\">PRESENTACI\u00d3N <b>2021<\/b><\/h2>\t\t<\/div>\n\t\t\t\t<\/div>\n\t\t\t\t<div class=\"elementor-element elementor-element-fb4554f elementor-widget__width-initial elementor-position-top elementor-vertical-align-top elementor-widget elementor-widget-image-box\" data-id=\"fb4554f\" data-element_type=\"widget\" data-widget_type=\"image-box.default\">\n\t\t\t\t<div class=\"elementor-widget-container\">\n\t\t\t<div class=\"elementor-image-box-wrapper\"><figure class=\"elementor-image-box-img\"><img loading=\"lazy\" decoding=\"async\" width=\"2002\" height=\"2002\" src=\"https:\/\/kasaloka.com\/wp-content\/uploads\/2023\/09\/2021_1211-Present-Hazlo-tu-mismx.png\" class=\"attachment-full size-full wp-image-1484\" alt=\"\" srcset=\"https:\/\/kasaloka.com\/wp-content\/uploads\/2023\/09\/2021_1211-Present-Hazlo-tu-mismx.png 2002w, https:\/\/kasaloka.com\/wp-content\/uploads\/2023\/09\/2021_1211-Present-Hazlo-tu-mismx-300x300.png 300w, https:\/\/kasaloka.com\/wp-content\/uploads\/2023\/09\/2021_1211-Present-Hazlo-tu-mismx-1024x1024.png 1024w, https:\/\/kasaloka.com\/wp-content\/uploads\/2023\/09\/2021_1211-Present-Hazlo-tu-mismx-150x150.png 150w, https:\/\/kasaloka.com\/wp-content\/uploads\/2023\/09\/2021_1211-Present-Hazlo-tu-mismx-768x768.png 768w, https:\/\/kasaloka.com\/wp-content\/uploads\/2023\/09\/2021_1211-Present-Hazlo-tu-mismx-1536x1536.png 1536w\" sizes=\"auto, (max-width: 2002px) 100vw, 2002px\" \/><\/figure><div class=\"elementor-image-box-content\"><h3 class=\"elementor-image-box-title\">\"Hazlo t\u00fa mismo. Historias del Hardcore Punk en Buenos Aires\" y \"No somos lo que te esperas\"<\/h3><p class=\"elementor-image-box-description\">Invitadas por Carlos M. Sanabria, co-autor junto a Andrea Florencia Leal, de \u201cHazlo t\u00fa mismx. Historias del Hardcore Punk en Buenos Aires\u201d, un libro de gran aporte para la contracultura de la regi\u00f3n, presentamos nuestro fotolibro en el Club GBA, provincia de Buenos Aires, Argentina.<\/p><\/div><\/div>\t\t<\/div>\n\t\t\t\t<\/div>\n\t\t\t\t\t<\/div>\n\t\t<\/div>\n\t\t\t\t\t\t\t<\/div>\n\t\t<\/section>\n\t\t\t\t<section class=\"elementor-section elementor-top-section elementor-element elementor-element-f4271e2 elementor-section-boxed elementor-section-height-default elementor-section-height-default\" data-id=\"f4271e2\" data-element_type=\"section\">\n\t\t\t\t\t\t<div class=\"elementor-container elementor-column-gap-default\">\n\t\t\t\t\t<div class=\"elementor-column elementor-col-25 elementor-top-column elementor-element elementor-element-f0996fc\" data-id=\"f0996fc\" data-element_type=\"column\">\n\t\t\t<div class=\"elementor-widget-wrap elementor-element-populated\">\n\t\t\t\t\t\t\t\t<div class=\"elementor-element elementor-element-240a460 elementor-widget-divider--view-line elementor-widget elementor-widget-divider\" data-id=\"240a460\" data-element_type=\"widget\" data-widget_type=\"divider.default\">\n\t\t\t\t<div class=\"elementor-widget-container\">\n\t\t\t\t\t<div class=\"elementor-divider\">\n\t\t\t<span class=\"elementor-divider-separator\">\n\t\t\t\t\t\t<\/span>\n\t\t<\/div>\n\t\t\t\t<\/div>\n\t\t\t\t<\/div>\n\t\t\t\t<div class=\"elementor-element elementor-element-8d89103 elementor-widget elementor-widget-heading\" data-id=\"8d89103\" data-element_type=\"widget\" data-widget_type=\"heading.default\">\n\t\t\t\t<div class=\"elementor-widget-container\">\n\t\t\t<h2 class=\"elementor-heading-title elementor-size-default\">PROYECCI\u00d3N <b>2021<\/b><\/h2>\t\t<\/div>\n\t\t\t\t<\/div>\n\t\t\t\t<div class=\"elementor-element elementor-element-156d097 elementor-widget__width-initial elementor-position-top elementor-vertical-align-top elementor-widget elementor-widget-image-box\" data-id=\"156d097\" data-element_type=\"widget\" data-widget_type=\"image-box.default\">\n\t\t\t\t<div class=\"elementor-widget-container\">\n\t\t\t<div class=\"elementor-image-box-wrapper\"><figure class=\"elementor-image-box-img\"><a href=\"https:\/\/www.youtube.com\/watch?v=H5ECmy6M3pU\" target=\"_blank\"><img loading=\"lazy\" decoding=\"async\" width=\"1080\" height=\"1351\" src=\"https:\/\/kasaloka.com\/wp-content\/uploads\/2023\/09\/2021_Manada-Balam-Fotosfera.jpg\" class=\"attachment-full size-full wp-image-1545\" alt=\"\" srcset=\"https:\/\/kasaloka.com\/wp-content\/uploads\/2023\/09\/2021_Manada-Balam-Fotosfera.jpg 1080w, https:\/\/kasaloka.com\/wp-content\/uploads\/2023\/09\/2021_Manada-Balam-Fotosfera-240x300.jpg 240w, https:\/\/kasaloka.com\/wp-content\/uploads\/2023\/09\/2021_Manada-Balam-Fotosfera-819x1024.jpg 819w, https:\/\/kasaloka.com\/wp-content\/uploads\/2023\/09\/2021_Manada-Balam-Fotosfera-768x961.jpg 768w\" sizes=\"auto, (max-width: 1080px) 100vw, 1080px\" \/><\/a><\/figure><div class=\"elementor-image-box-content\"><h3 class=\"elementor-image-box-title\"><a href=\"https:\/\/www.youtube.com\/watch?v=H5ECmy6M3pU\" target=\"_blank\">Manada<\/a><\/h3><p class=\"elementor-image-box-description\">Peque\u00f1o encuentro de fotograf\u00eda y feria con venta de revistas, obras, prints, fotolibros y m\u00e1s. Cierre de la noche con una proyecci\u00f3n fotogr\u00e1fica curada por Fotosfera Club bajo la tem\u00e1tica de \"MANADA\".<\/p><\/div><\/div>\t\t<\/div>\n\t\t\t\t<\/div>\n\t\t\t\t\t<\/div>\n\t\t<\/div>\n\t\t\t\t<div class=\"elementor-column elementor-col-25 elementor-top-column elementor-element elementor-element-6770559\" data-id=\"6770559\" data-element_type=\"column\">\n\t\t\t<div class=\"elementor-widget-wrap elementor-element-populated\">\n\t\t\t\t\t\t\t\t<div class=\"elementor-element elementor-element-59be570 elementor-widget-divider--view-line elementor-widget elementor-widget-divider\" data-id=\"59be570\" data-element_type=\"widget\" data-widget_type=\"divider.default\">\n\t\t\t\t<div class=\"elementor-widget-container\">\n\t\t\t\t\t<div class=\"elementor-divider\">\n\t\t\t<span class=\"elementor-divider-separator\">\n\t\t\t\t\t\t<\/span>\n\t\t<\/div>\n\t\t\t\t<\/div>\n\t\t\t\t<\/div>\n\t\t\t\t<div class=\"elementor-element elementor-element-edbdeda elementor-widget elementor-widget-heading\" data-id=\"edbdeda\" data-element_type=\"widget\" data-widget_type=\"heading.default\">\n\t\t\t\t<div class=\"elementor-widget-container\">\n\t\t\t<h2 class=\"elementor-heading-title elementor-size-default\">PRESENTACI\u00d3N <b>2020<\/b><\/h2>\t\t<\/div>\n\t\t\t\t<\/div>\n\t\t\t\t<div class=\"elementor-element elementor-element-23b36f2 elementor-widget__width-initial elementor-position-top elementor-vertical-align-top elementor-widget elementor-widget-image-box\" data-id=\"23b36f2\" data-element_type=\"widget\" data-widget_type=\"image-box.default\">\n\t\t\t\t<div class=\"elementor-widget-container\">\n\t\t\t<div class=\"elementor-image-box-wrapper\"><figure class=\"elementor-image-box-img\"><img loading=\"lazy\" decoding=\"async\" width=\"896\" height=\"899\" src=\"https:\/\/kasaloka.com\/wp-content\/uploads\/2023\/09\/2020_MDQ-Usina-de-Arte_01.png\" class=\"attachment-full size-full wp-image-1482\" alt=\"\" srcset=\"https:\/\/kasaloka.com\/wp-content\/uploads\/2023\/09\/2020_MDQ-Usina-de-Arte_01.png 896w, https:\/\/kasaloka.com\/wp-content\/uploads\/2023\/09\/2020_MDQ-Usina-de-Arte_01-300x300.png 300w, https:\/\/kasaloka.com\/wp-content\/uploads\/2023\/09\/2020_MDQ-Usina-de-Arte_01-150x150.png 150w, https:\/\/kasaloka.com\/wp-content\/uploads\/2023\/09\/2020_MDQ-Usina-de-Arte_01-768x771.png 768w\" sizes=\"auto, (max-width: 896px) 100vw, 896px\" \/><\/figure><div class=\"elementor-image-box-content\"><h3 class=\"elementor-image-box-title\">3\u00b0 Jornadas de Fotograf\u00eda<\/h3><p class=\"elementor-image-box-description\">Presentaci\u00f3n del fotolibro \"No somos lo que esperas\", invitadas por la profesora Gabriela Carou de la Escuela de Artes Visuales Mart\u00edn A. Malharro. Mar del Plata, provincia de Buenos Aires, Argentina.<\/p><\/div><\/div>\t\t<\/div>\n\t\t\t\t<\/div>\n\t\t\t\t\t<\/div>\n\t\t<\/div>\n\t\t\t\t<div class=\"elementor-column elementor-col-25 elementor-top-column elementor-element elementor-element-ae863b1\" data-id=\"ae863b1\" data-element_type=\"column\">\n\t\t\t<div class=\"elementor-widget-wrap elementor-element-populated\">\n\t\t\t\t\t\t\t\t<div class=\"elementor-element elementor-element-64f385b elementor-widget-divider--view-line elementor-widget elementor-widget-divider\" data-id=\"64f385b\" data-element_type=\"widget\" data-widget_type=\"divider.default\">\n\t\t\t\t<div class=\"elementor-widget-container\">\n\t\t\t\t\t<div class=\"elementor-divider\">\n\t\t\t<span class=\"elementor-divider-separator\">\n\t\t\t\t\t\t<\/span>\n\t\t<\/div>\n\t\t\t\t<\/div>\n\t\t\t\t<\/div>\n\t\t\t\t<div class=\"elementor-element elementor-element-3a398fe elementor-widget elementor-widget-heading\" data-id=\"3a398fe\" data-element_type=\"widget\" data-widget_type=\"heading.default\">\n\t\t\t\t<div class=\"elementor-widget-container\">\n\t\t\t<h2 class=\"elementor-heading-title elementor-size-default\">PRESENTACI\u00d3N <b>2020<\/b><\/h2>\t\t<\/div>\n\t\t\t\t<\/div>\n\t\t\t\t<div class=\"elementor-element elementor-element-26fe6cf elementor-widget__width-initial elementor-position-top elementor-vertical-align-top elementor-widget elementor-widget-image-box\" data-id=\"26fe6cf\" data-element_type=\"widget\" data-widget_type=\"image-box.default\">\n\t\t\t\t<div class=\"elementor-widget-container\">\n\t\t\t<div class=\"elementor-image-box-wrapper\"><figure class=\"elementor-image-box-img\"><img loading=\"lazy\" decoding=\"async\" width=\"1131\" height=\"1600\" src=\"https:\/\/kasaloka.com\/wp-content\/uploads\/2023\/11\/present-zine-Barcelona-tiny.jpeg\" class=\"attachment-full size-full wp-image-2882\" alt=\"\" srcset=\"https:\/\/kasaloka.com\/wp-content\/uploads\/2023\/11\/present-zine-Barcelona-tiny.jpeg 1131w, https:\/\/kasaloka.com\/wp-content\/uploads\/2023\/11\/present-zine-Barcelona-tiny-212x300.jpeg 212w, https:\/\/kasaloka.com\/wp-content\/uploads\/2023\/11\/present-zine-Barcelona-tiny-724x1024.jpeg 724w, https:\/\/kasaloka.com\/wp-content\/uploads\/2023\/11\/present-zine-Barcelona-tiny-768x1086.jpeg 768w, https:\/\/kasaloka.com\/wp-content\/uploads\/2023\/11\/present-zine-Barcelona-tiny-1086x1536.jpeg 1086w\" sizes=\"auto, (max-width: 1131px) 100vw, 1131px\" \/><\/figure><div class=\"elementor-image-box-content\"><h3 class=\"elementor-image-box-title\">Casa de la Solitaritat<\/h3><p class=\"elementor-image-box-description\">Presentaci\u00f3n de la edici\u00f3n catalana del fotozine \"No somos lo que te esperas\", junto a Ediciones Disparatadas, Instituto de Onirocr\u00edtica Comparada, Ediciones del Laberinto y Comunidad del Fuego. Casa de la Solitaritat, Raval, Barcelona. <\/p><\/div><\/div>\t\t<\/div>\n\t\t\t\t<\/div>\n\t\t\t\t\t<\/div>\n\t\t<\/div>\n\t\t\t\t<div class=\"elementor-column elementor-col-25 elementor-top-column elementor-element elementor-element-29a4051\" data-id=\"29a4051\" data-element_type=\"column\">\n\t\t\t<div class=\"elementor-widget-wrap elementor-element-populated\">\n\t\t\t\t\t\t\t\t<div class=\"elementor-element elementor-element-b22088c elementor-widget-divider--view-line elementor-widget elementor-widget-divider\" data-id=\"b22088c\" data-element_type=\"widget\" data-widget_type=\"divider.default\">\n\t\t\t\t<div class=\"elementor-widget-container\">\n\t\t\t\t\t<div class=\"elementor-divider\">\n\t\t\t<span class=\"elementor-divider-separator\">\n\t\t\t\t\t\t<\/span>\n\t\t<\/div>\n\t\t\t\t<\/div>\n\t\t\t\t<\/div>\n\t\t\t\t<div class=\"elementor-element elementor-element-35abe15 elementor-widget elementor-widget-heading\" data-id=\"35abe15\" data-element_type=\"widget\" data-widget_type=\"heading.default\">\n\t\t\t\t<div class=\"elementor-widget-container\">\n\t\t\t<h2 class=\"elementor-heading-title elementor-size-default\">BIBLIOTECA <b>2019<\/b><\/h2>\t\t<\/div>\n\t\t\t\t<\/div>\n\t\t\t\t<div class=\"elementor-element elementor-element-d2267ea elementor-widget__width-initial elementor-position-top elementor-vertical-align-top elementor-widget elementor-widget-image-box\" data-id=\"d2267ea\" data-element_type=\"widget\" data-widget_type=\"image-box.default\">\n\t\t\t\t<div class=\"elementor-widget-container\">\n\t\t\t<div class=\"elementor-image-box-wrapper\"><figure class=\"elementor-image-box-img\"><a href=\"https:\/\/www.bronxdoc.org\/resources\/tim-hetherington-photobook-library\" target=\"_blank\"><img loading=\"lazy\" decoding=\"async\" width=\"960\" height=\"960\" src=\"https:\/\/kasaloka.com\/wp-content\/uploads\/2023\/09\/2020_01_Tim-Hetherington-Photobook-Lib_01-X.jpg\" class=\"attachment-full size-full wp-image-1559\" alt=\"\" srcset=\"https:\/\/kasaloka.com\/wp-content\/uploads\/2023\/09\/2020_01_Tim-Hetherington-Photobook-Lib_01-X.jpg 960w, https:\/\/kasaloka.com\/wp-content\/uploads\/2023\/09\/2020_01_Tim-Hetherington-Photobook-Lib_01-X-300x300.jpg 300w, https:\/\/kasaloka.com\/wp-content\/uploads\/2023\/09\/2020_01_Tim-Hetherington-Photobook-Lib_01-X-150x150.jpg 150w, https:\/\/kasaloka.com\/wp-content\/uploads\/2023\/09\/2020_01_Tim-Hetherington-Photobook-Lib_01-X-768x768.jpg 768w\" sizes=\"auto, (max-width: 960px) 100vw, 960px\" \/><\/a><\/figure><div class=\"elementor-image-box-content\"><h3 class=\"elementor-image-box-title\"><a href=\"https:\/\/www.bronxdoc.org\/resources\/tim-hetherington-photobook-library\" target=\"_blank\">Tim Hetherington Photobook Library<\/a><\/h3><p class=\"elementor-image-box-description\">Gracias a la gesti\u00f3n solidaria del <span style=\"font-family: Archivo, sans-serif; font-size: 13px; font-style: normal; font-variant-ligatures: normal; font-variant-caps: normal; font-weight: 400;\">fot\u00f3grafo peruano<\/span> Musuk Nolte, el fotolibro \"No somos lo que te esperas\" ingres\u00f3 a la Tim Hetherington Photobook Library, la biblioteca del Bronx Documentary Center. N.Y. , EE.UU.\n<\/p><\/div><\/div>\t\t<\/div>\n\t\t\t\t<\/div>\n\t\t\t\t\t<\/div>\n\t\t<\/div>\n\t\t\t\t\t\t\t<\/div>\n\t\t<\/section>\n\t\t\t\t<section class=\"elementor-section elementor-top-section elementor-element elementor-element-66e82fd elementor-section-boxed elementor-section-height-default elementor-section-height-default\" data-id=\"66e82fd\" data-element_type=\"section\">\n\t\t\t\t\t\t<div class=\"elementor-container elementor-column-gap-default\">\n\t\t\t\t\t<div class=\"elementor-column elementor-col-25 elementor-top-column elementor-element elementor-element-3294e8c\" data-id=\"3294e8c\" data-element_type=\"column\">\n\t\t\t<div class=\"elementor-widget-wrap elementor-element-populated\">\n\t\t\t\t\t\t\t\t<div class=\"elementor-element elementor-element-636d137 elementor-widget-divider--view-line elementor-widget elementor-widget-divider\" data-id=\"636d137\" data-element_type=\"widget\" data-widget_type=\"divider.default\">\n\t\t\t\t<div class=\"elementor-widget-container\">\n\t\t\t\t\t<div class=\"elementor-divider\">\n\t\t\t<span class=\"elementor-divider-separator\">\n\t\t\t\t\t\t<\/span>\n\t\t<\/div>\n\t\t\t\t<\/div>\n\t\t\t\t<\/div>\n\t\t\t\t<div class=\"elementor-element elementor-element-66ac646 elementor-widget elementor-widget-heading\" data-id=\"66ac646\" data-element_type=\"widget\" data-widget_type=\"heading.default\">\n\t\t\t\t<div class=\"elementor-widget-container\">\n\t\t\t<h2 class=\"elementor-heading-title elementor-size-default\">PRESENTACI\u00d3N + EXPO <b>2019<\/b><\/h2>\t\t<\/div>\n\t\t\t\t<\/div>\n\t\t\t\t<div class=\"elementor-element elementor-element-a4aeab4 elementor-widget__width-initial elementor-position-top elementor-vertical-align-top elementor-widget elementor-widget-image-box\" data-id=\"a4aeab4\" data-element_type=\"widget\" data-widget_type=\"image-box.default\">\n\t\t\t\t<div class=\"elementor-widget-container\">\n\t\t\t<div class=\"elementor-image-box-wrapper\"><figure class=\"elementor-image-box-img\"><img loading=\"lazy\" decoding=\"async\" width=\"1079\" height=\"1079\" src=\"https:\/\/kasaloka.com\/wp-content\/uploads\/2023\/09\/2019_1412Presentacion-Mar-del-Plata_Biblioteca-Juventud-Moderna_2019.jpeg\" class=\"attachment-full size-full wp-image-1476\" alt=\"\" srcset=\"https:\/\/kasaloka.com\/wp-content\/uploads\/2023\/09\/2019_1412Presentacion-Mar-del-Plata_Biblioteca-Juventud-Moderna_2019.jpeg 1079w, https:\/\/kasaloka.com\/wp-content\/uploads\/2023\/09\/2019_1412Presentacion-Mar-del-Plata_Biblioteca-Juventud-Moderna_2019-300x300.jpeg 300w, https:\/\/kasaloka.com\/wp-content\/uploads\/2023\/09\/2019_1412Presentacion-Mar-del-Plata_Biblioteca-Juventud-Moderna_2019-1024x1024.jpeg 1024w, https:\/\/kasaloka.com\/wp-content\/uploads\/2023\/09\/2019_1412Presentacion-Mar-del-Plata_Biblioteca-Juventud-Moderna_2019-150x150.jpeg 150w, https:\/\/kasaloka.com\/wp-content\/uploads\/2023\/09\/2019_1412Presentacion-Mar-del-Plata_Biblioteca-Juventud-Moderna_2019-768x768.jpeg 768w\" sizes=\"auto, (max-width: 1079px) 100vw, 1079px\" \/><\/figure><div class=\"elementor-image-box-content\"><h3 class=\"elementor-image-box-title\">Biblioteca Popular Juventud Moderna<\/h3><p class=\"elementor-image-box-description\">Presentaci\u00f3n del fotolibro y exposici\u00f3n de fotograf\u00edas. Con comentarios de la profesora de fotograf\u00eda Gabriela Carou y la participaci\u00f3n de la fot\u00f3grafa Milena Di Marco, en la Biblioteca Popular Juventud Moderna, Mar del Plata, Buenos Aires, Argentina.<\/p><\/div><\/div>\t\t<\/div>\n\t\t\t\t<\/div>\n\t\t\t\t\t<\/div>\n\t\t<\/div>\n\t\t\t\t<div class=\"elementor-column elementor-col-25 elementor-top-column elementor-element elementor-element-53d82dc\" data-id=\"53d82dc\" data-element_type=\"column\">\n\t\t\t<div class=\"elementor-widget-wrap elementor-element-populated\">\n\t\t\t\t\t\t\t\t<div class=\"elementor-element elementor-element-c99fe83 elementor-widget-divider--view-line elementor-widget elementor-widget-divider\" data-id=\"c99fe83\" data-element_type=\"widget\" data-widget_type=\"divider.default\">\n\t\t\t\t<div class=\"elementor-widget-container\">\n\t\t\t\t\t<div class=\"elementor-divider\">\n\t\t\t<span class=\"elementor-divider-separator\">\n\t\t\t\t\t\t<\/span>\n\t\t<\/div>\n\t\t\t\t<\/div>\n\t\t\t\t<\/div>\n\t\t\t\t<div class=\"elementor-element elementor-element-6dced7e elementor-widget elementor-widget-heading\" data-id=\"6dced7e\" data-element_type=\"widget\" data-widget_type=\"heading.default\">\n\t\t\t\t<div class=\"elementor-widget-container\">\n\t\t\t<h2 class=\"elementor-heading-title elementor-size-default\">PRESENTACI\u00d3N <b>2019<\/b><\/h2>\t\t<\/div>\n\t\t\t\t<\/div>\n\t\t\t\t<div class=\"elementor-element elementor-element-0fa5b15 elementor-widget__width-initial elementor-position-top elementor-vertical-align-top elementor-widget elementor-widget-image-box\" data-id=\"0fa5b15\" data-element_type=\"widget\" data-widget_type=\"image-box.default\">\n\t\t\t\t<div class=\"elementor-widget-container\">\n\t\t\t<div class=\"elementor-image-box-wrapper\"><figure class=\"elementor-image-box-img\"><a href=\"https:\/\/fola.com.ar\/portfolio-item\/10-x-10-japanese-photobooks-reading-room-collection-from-the-international-center-of-photography-library\/\" target=\"_blank\"><img loading=\"lazy\" decoding=\"async\" width=\"1472\" height=\"1464\" src=\"https:\/\/kasaloka.com\/wp-content\/uploads\/2023\/09\/2019_1711_FoLa-Programa-10x10-1.png\" class=\"attachment-full size-full wp-image-1478\" alt=\"\" srcset=\"https:\/\/kasaloka.com\/wp-content\/uploads\/2023\/09\/2019_1711_FoLa-Programa-10x10-1.png 1472w, https:\/\/kasaloka.com\/wp-content\/uploads\/2023\/09\/2019_1711_FoLa-Programa-10x10-1-300x298.png 300w, https:\/\/kasaloka.com\/wp-content\/uploads\/2023\/09\/2019_1711_FoLa-Programa-10x10-1-1024x1018.png 1024w, https:\/\/kasaloka.com\/wp-content\/uploads\/2023\/09\/2019_1711_FoLa-Programa-10x10-1-150x150.png 150w, https:\/\/kasaloka.com\/wp-content\/uploads\/2023\/09\/2019_1711_FoLa-Programa-10x10-1-768x764.png 768w\" sizes=\"auto, (max-width: 1472px) 100vw, 1472px\" \/><\/a><\/figure><div class=\"elementor-image-box-content\"><h3 class=\"elementor-image-box-title\"><a href=\"https:\/\/fola.com.ar\/portfolio-item\/10-x-10-japanese-photobooks-reading-room-collection-from-the-international-center-of-photography-library\/\" target=\"_blank\">3\u00b0 Encuentro Internacional de Fotolibros FOLA<\/a><\/h3><p class=\"elementor-image-box-description\">En el marco de la 10x10 JAPANESE PHOTOBOOKS READING ROOM COLLECTION del International Center of Photography Library (ICP) de Nueva York, se present\u00f3 el fotolibro junto a Sub Editora, en FOLA, Fototeca Latinoamericana de la ciudad de Buenos Aires, Argentina.<\/p><\/div><\/div>\t\t<\/div>\n\t\t\t\t<\/div>\n\t\t\t\t\t<\/div>\n\t\t<\/div>\n\t\t\t\t<div class=\"elementor-column elementor-col-25 elementor-top-column elementor-element elementor-element-7a51aca\" data-id=\"7a51aca\" data-element_type=\"column\">\n\t\t\t<div class=\"elementor-widget-wrap elementor-element-populated\">\n\t\t\t\t\t\t\t\t<div class=\"elementor-element elementor-element-a0c1931 elementor-widget-divider--view-line elementor-widget elementor-widget-divider\" data-id=\"a0c1931\" data-element_type=\"widget\" data-widget_type=\"divider.default\">\n\t\t\t\t<div class=\"elementor-widget-container\">\n\t\t\t\t\t<div class=\"elementor-divider\">\n\t\t\t<span class=\"elementor-divider-separator\">\n\t\t\t\t\t\t<\/span>\n\t\t<\/div>\n\t\t\t\t<\/div>\n\t\t\t\t<\/div>\n\t\t\t\t<div class=\"elementor-element elementor-element-4cdfb32 elementor-widget elementor-widget-heading\" data-id=\"4cdfb32\" data-element_type=\"widget\" data-widget_type=\"heading.default\">\n\t\t\t\t<div class=\"elementor-widget-container\">\n\t\t\t<h2 class=\"elementor-heading-title elementor-size-default\">PRESENTACI\u00d3N <b>2019<\/b><\/h2>\t\t<\/div>\n\t\t\t\t<\/div>\n\t\t\t\t<div class=\"elementor-element elementor-element-0a668a6 elementor-widget__width-initial elementor-position-top elementor-vertical-align-top elementor-widget elementor-widget-image-box\" data-id=\"0a668a6\" data-element_type=\"widget\" data-widget_type=\"image-box.default\">\n\t\t\t\t<div class=\"elementor-widget-container\">\n\t\t\t<div class=\"elementor-image-box-wrapper\"><figure class=\"elementor-image-box-img\"><a href=\"https:\/\/migramigra.com\/home\/\" target=\"_blank\"><img loading=\"lazy\" decoding=\"async\" width=\"594\" height=\"594\" src=\"https:\/\/kasaloka.com\/wp-content\/uploads\/2023\/10\/migra-nuevo.jpg\" class=\"attachment-full size-full wp-image-2155\" alt=\"\" srcset=\"https:\/\/kasaloka.com\/wp-content\/uploads\/2023\/10\/migra-nuevo.jpg 594w, https:\/\/kasaloka.com\/wp-content\/uploads\/2023\/10\/migra-nuevo-300x300.jpg 300w, https:\/\/kasaloka.com\/wp-content\/uploads\/2023\/10\/migra-nuevo-150x150.jpg 150w\" sizes=\"auto, (max-width: 594px) 100vw, 594px\" \/><\/a><\/figure><div class=\"elementor-image-box-content\"><h3 class=\"elementor-image-box-title\"><a href=\"https:\/\/migramigra.com\/home\/\" target=\"_blank\">MIGRA Feria de Publicaciones y Arte Impreso. Edici\u00f3n Feminismo <\/a><\/h3><p class=\"elementor-image-box-description\">Se present\u00f3 el fotolibro \"No somos lo que esperas\", junto a Sub Editora e invitadas por el director de la feria, Luis Ju\u00e1rez.<\/p><\/div><\/div>\t\t<\/div>\n\t\t\t\t<\/div>\n\t\t\t\t\t<\/div>\n\t\t<\/div>\n\t\t\t\t<div class=\"elementor-column elementor-col-25 elementor-top-column elementor-element elementor-element-c97dfa4\" data-id=\"c97dfa4\" data-element_type=\"column\">\n\t\t\t<div class=\"elementor-widget-wrap elementor-element-populated\">\n\t\t\t\t\t\t\t\t<div class=\"elementor-element elementor-element-3555e9c elementor-widget-divider--view-line elementor-widget elementor-widget-divider\" data-id=\"3555e9c\" data-element_type=\"widget\" data-widget_type=\"divider.default\">\n\t\t\t\t<div class=\"elementor-widget-container\">\n\t\t\t\t\t<div class=\"elementor-divider\">\n\t\t\t<span class=\"elementor-divider-separator\">\n\t\t\t\t\t\t<\/span>\n\t\t<\/div>\n\t\t\t\t<\/div>\n\t\t\t\t<\/div>\n\t\t\t\t<div class=\"elementor-element elementor-element-45aaa57 elementor-widget elementor-widget-heading\" data-id=\"45aaa57\" data-element_type=\"widget\" data-widget_type=\"heading.default\">\n\t\t\t\t<div class=\"elementor-widget-container\">\n\t\t\t<h2 class=\"elementor-heading-title elementor-size-default\">PRESENTACI\u00d3N <b>2019<\/b><\/h2>\t\t<\/div>\n\t\t\t\t<\/div>\n\t\t\t\t<div class=\"elementor-element elementor-element-e2dcc12 elementor-widget__width-initial elementor-position-top elementor-vertical-align-top elementor-widget elementor-widget-image-box\" data-id=\"e2dcc12\" data-element_type=\"widget\" data-widget_type=\"image-box.default\">\n\t\t\t\t<div class=\"elementor-widget-container\">\n\t\t\t<div class=\"elementor-image-box-wrapper\"><figure class=\"elementor-image-box-img\"><img loading=\"lazy\" decoding=\"async\" width=\"433\" height=\"364\" src=\"https:\/\/kasaloka.com\/wp-content\/uploads\/2023\/09\/2019_2810_NSLQTE-presentacion-La-Plata_2019-e1695414551788.jpg\" class=\"attachment-full size-full wp-image-1480\" alt=\"\" srcset=\"https:\/\/kasaloka.com\/wp-content\/uploads\/2023\/09\/2019_2810_NSLQTE-presentacion-La-Plata_2019-e1695414551788.jpg 433w, https:\/\/kasaloka.com\/wp-content\/uploads\/2023\/09\/2019_2810_NSLQTE-presentacion-La-Plata_2019-e1695414551788-300x252.jpg 300w\" sizes=\"auto, (max-width: 433px) 100vw, 433px\" \/><\/figure><div class=\"elementor-image-box-content\"><h3 class=\"elementor-image-box-title\">Bardo Fotolibros<\/h3><p class=\"elementor-image-box-description\">Bardo Fotolibros, un espacio de actividades vinculadas a las publicaciones fotogr\u00e1ficas, present\u00f3 \u201cNo somos lo que te esperas\u201d, con un conversatorio de algunas de las autoras junto a Victoria Irene; fot\u00f3grafa, activista e investigadora de archivos fotogr\u00e1ficos y audiovisuales. En Nova Escuela de Fotograf\u00eda, La Plata, Buenos Aires Argentina<\/p><\/div><\/div>\t\t<\/div>\n\t\t\t\t<\/div>\n\t\t\t\t\t<\/div>\n\t\t<\/div>\n\t\t\t\t\t\t\t<\/div>\n\t\t<\/section>\n\t\t\t\t<section class=\"elementor-section elementor-top-section elementor-element elementor-element-ec387ac elementor-section-boxed elementor-section-height-default elementor-section-height-default\" data-id=\"ec387ac\" data-element_type=\"section\">\n\t\t\t\t\t\t<div class=\"elementor-container elementor-column-gap-default\">\n\t\t\t\t\t<div class=\"elementor-column elementor-col-25 elementor-top-column elementor-element elementor-element-303017c\" data-id=\"303017c\" data-element_type=\"column\">\n\t\t\t<div class=\"elementor-widget-wrap elementor-element-populated\">\n\t\t\t\t\t\t\t\t<div class=\"elementor-element elementor-element-3f287fd elementor-widget-divider--view-line elementor-widget elementor-widget-divider\" data-id=\"3f287fd\" data-element_type=\"widget\" data-widget_type=\"divider.default\">\n\t\t\t\t<div class=\"elementor-widget-container\">\n\t\t\t\t\t<div class=\"elementor-divider\">\n\t\t\t<span class=\"elementor-divider-separator\">\n\t\t\t\t\t\t<\/span>\n\t\t<\/div>\n\t\t\t\t<\/div>\n\t\t\t\t<\/div>\n\t\t\t\t<div class=\"elementor-element elementor-element-8662331 elementor-widget elementor-widget-heading\" data-id=\"8662331\" data-element_type=\"widget\" data-widget_type=\"heading.default\">\n\t\t\t\t<div class=\"elementor-widget-container\">\n\t\t\t<h2 class=\"elementor-heading-title elementor-size-default\">EXPO <b>2019<\/b><\/h2>\t\t<\/div>\n\t\t\t\t<\/div>\n\t\t\t\t<div class=\"elementor-element elementor-element-7ba99d8 elementor-widget__width-initial elementor-position-top elementor-vertical-align-top elementor-widget elementor-widget-image-box\" data-id=\"7ba99d8\" data-element_type=\"widget\" data-widget_type=\"image-box.default\">\n\t\t\t\t<div class=\"elementor-widget-container\">\n\t\t\t<div class=\"elementor-image-box-wrapper\"><figure class=\"elementor-image-box-img\"><a href=\"https:\/\/helsinkiphotofestival.com\/exhibitions-2019\/kasa-loka\/\" target=\"_blank\"><img loading=\"lazy\" decoding=\"async\" width=\"1066\" height=\"1472\" src=\"https:\/\/kasaloka.com\/wp-content\/uploads\/2023\/09\/Opening-night-Erika-32-e1695495198752.jpg\" class=\"attachment-full size-full wp-image-1612\" alt=\"\" srcset=\"https:\/\/kasaloka.com\/wp-content\/uploads\/2023\/09\/Opening-night-Erika-32-e1695495198752.jpg 1066w, https:\/\/kasaloka.com\/wp-content\/uploads\/2023\/09\/Opening-night-Erika-32-e1695495198752-217x300.jpg 217w, https:\/\/kasaloka.com\/wp-content\/uploads\/2023\/09\/Opening-night-Erika-32-e1695495198752-742x1024.jpg 742w, https:\/\/kasaloka.com\/wp-content\/uploads\/2023\/09\/Opening-night-Erika-32-e1695495198752-768x1061.jpg 768w\" sizes=\"auto, (max-width: 1066px) 100vw, 1066px\" \/><\/a><\/figure><div class=\"elementor-image-box-content\"><h3 class=\"elementor-image-box-title\"><a href=\"https:\/\/helsinkiphotofestival.com\/exhibitions-2019\/kasa-loka\/\" target=\"_blank\">HEL PHOTO Anarchy!<\/a><\/h3><p class=\"elementor-image-box-description\">El Festival de Fotograf\u00eda de Helsinki 2019 sac\u00f3 la fotograf\u00eda a la calle exponiendo la obra de 50 fot\u00f3grafxs n\u00f3rdicxs e internacionales en diversas exposiciones al aire libre y en interiores repartidas por la ciudad finlandesa. El tema de ese a\u00f1o fue la anarqu\u00eda.<\/p><\/div><\/div>\t\t<\/div>\n\t\t\t\t<\/div>\n\t\t\t\t\t<\/div>\n\t\t<\/div>\n\t\t\t\t<div class=\"elementor-column elementor-col-25 elementor-top-column elementor-element elementor-element-e84a2b9\" data-id=\"e84a2b9\" data-element_type=\"column\">\n\t\t\t<div class=\"elementor-widget-wrap elementor-element-populated\">\n\t\t\t\t\t\t\t\t<div class=\"elementor-element elementor-element-602b6a2 elementor-widget-divider--view-line elementor-widget elementor-widget-divider\" data-id=\"602b6a2\" data-element_type=\"widget\" data-widget_type=\"divider.default\">\n\t\t\t\t<div class=\"elementor-widget-container\">\n\t\t\t\t\t<div class=\"elementor-divider\">\n\t\t\t<span class=\"elementor-divider-separator\">\n\t\t\t\t\t\t<\/span>\n\t\t<\/div>\n\t\t\t\t<\/div>\n\t\t\t\t<\/div>\n\t\t\t\t<div class=\"elementor-element elementor-element-2b7e4d4 elementor-widget elementor-widget-heading\" data-id=\"2b7e4d4\" data-element_type=\"widget\" data-widget_type=\"heading.default\">\n\t\t\t\t<div class=\"elementor-widget-container\">\n\t\t\t<h2 class=\"elementor-heading-title elementor-size-default\">LANZAMIENTO OFICIAL <b>2019<\/b><\/h2>\t\t<\/div>\n\t\t\t\t<\/div>\n\t\t\t\t<div class=\"elementor-element elementor-element-b9d597e elementor-widget__width-initial elementor-position-top elementor-vertical-align-top elementor-widget elementor-widget-image-box\" data-id=\"b9d597e\" data-element_type=\"widget\" data-widget_type=\"image-box.default\">\n\t\t\t\t<div class=\"elementor-widget-container\">\n\t\t\t<div class=\"elementor-image-box-wrapper\"><figure class=\"elementor-image-box-img\"><img loading=\"lazy\" decoding=\"async\" width=\"1200\" height=\"1200\" src=\"https:\/\/kasaloka.com\/wp-content\/uploads\/2023\/09\/2018_1910NSLQTE-Salon-Pueyrredon.jpg\" class=\"attachment-full size-full wp-image-1473\" alt=\"\" srcset=\"https:\/\/kasaloka.com\/wp-content\/uploads\/2023\/09\/2018_1910NSLQTE-Salon-Pueyrredon.jpg 1200w, https:\/\/kasaloka.com\/wp-content\/uploads\/2023\/09\/2018_1910NSLQTE-Salon-Pueyrredon-300x300.jpg 300w, https:\/\/kasaloka.com\/wp-content\/uploads\/2023\/09\/2018_1910NSLQTE-Salon-Pueyrredon-1024x1024.jpg 1024w, https:\/\/kasaloka.com\/wp-content\/uploads\/2023\/09\/2018_1910NSLQTE-Salon-Pueyrredon-150x150.jpg 150w, https:\/\/kasaloka.com\/wp-content\/uploads\/2023\/09\/2018_1910NSLQTE-Salon-Pueyrredon-768x768.jpg 768w\" sizes=\"auto, (max-width: 1200px) 100vw, 1200px\" \/><\/figure><div class=\"elementor-image-box-content\"><h3 class=\"elementor-image-box-title\">Charla + Proyecci\u00f3n<\/h3><p class=\"elementor-image-box-description\">La presentaci\u00f3n de la segunda edici\u00f3n del fotolibro \"No somos lo que te esperas\" fue con la presencia de las cuatro autoras y los comentarios de lxs editorxs que apoyaron la publicaci\u00f3n: Nicol\u00e1s Pousthomis (Sub Editora), Pat Pietrafesa (Alcohol y Fotocopias) y Alejandro Schmidt (Tren en Movimiento). Sal\u00f3n Pueyrred\u00f3n, CABA, Argentina.<\/p><\/div><\/div>\t\t<\/div>\n\t\t\t\t<\/div>\n\t\t\t\t\t<\/div>\n\t\t<\/div>\n\t\t\t\t<div class=\"elementor-column elementor-col-25 elementor-top-column elementor-element elementor-element-8826b1b\" data-id=\"8826b1b\" data-element_type=\"column\">\n\t\t\t<div class=\"elementor-widget-wrap elementor-element-populated\">\n\t\t\t\t\t\t\t\t<div class=\"elementor-element elementor-element-2d90254 elementor-widget-divider--view-line elementor-widget elementor-widget-divider\" data-id=\"2d90254\" data-element_type=\"widget\" data-widget_type=\"divider.default\">\n\t\t\t\t<div class=\"elementor-widget-container\">\n\t\t\t\t\t<div class=\"elementor-divider\">\n\t\t\t<span class=\"elementor-divider-separator\">\n\t\t\t\t\t\t<\/span>\n\t\t<\/div>\n\t\t\t\t<\/div>\n\t\t\t\t<\/div>\n\t\t\t\t<div class=\"elementor-element elementor-element-7e1105b elementor-widget elementor-widget-heading\" data-id=\"7e1105b\" data-element_type=\"widget\" data-widget_type=\"heading.default\">\n\t\t\t\t<div class=\"elementor-widget-container\">\n\t\t\t<h2 class=\"elementor-heading-title elementor-size-default\">PRESENTACI\u00d3N <b>2019<\/b><\/h2>\t\t<\/div>\n\t\t\t\t<\/div>\n\t\t\t\t<div class=\"elementor-element elementor-element-6649d66 elementor-widget__width-initial elementor-position-top elementor-vertical-align-top elementor-widget elementor-widget-image-box\" data-id=\"6649d66\" data-element_type=\"widget\" data-widget_type=\"image-box.default\">\n\t\t\t\t<div class=\"elementor-widget-container\">\n\t\t\t<div class=\"elementor-image-box-wrapper\"><figure class=\"elementor-image-box-img\"><img loading=\"lazy\" decoding=\"async\" width=\"482\" height=\"438\" src=\"https:\/\/kasaloka.com\/wp-content\/uploads\/2023\/09\/2019_0410_Cultura-del-Barrio_Alasbarricadas.jpeg\" class=\"attachment-full size-full wp-image-1475\" alt=\"\" srcset=\"https:\/\/kasaloka.com\/wp-content\/uploads\/2023\/09\/2019_0410_Cultura-del-Barrio_Alasbarricadas.jpeg 482w, https:\/\/kasaloka.com\/wp-content\/uploads\/2023\/09\/2019_0410_Cultura-del-Barrio_Alasbarricadas-300x273.jpeg 300w\" sizes=\"auto, (max-width: 482px) 100vw, 482px\" \/><\/figure><div class=\"elementor-image-box-content\"><h3 class=\"elementor-image-box-title\">A las Barricadas<\/h3><p class=\"elementor-image-box-description\">Participaci\u00f3n en el evento \u201cA las Barricadas\u201d, previa al Encuentro Plurinacional de Mujeres, Lesbianas, Travestis, Trans, Bisexuales, Intersexuales y No Binaries, del a\u00f1o 2019. Club Social y Deportivo <i>La Cultura del Barrio<\/i>, CABA, Argentina.<\/p><\/div><\/div>\t\t<\/div>\n\t\t\t\t<\/div>\n\t\t\t\t\t<\/div>\n\t\t<\/div>\n\t\t\t\t<div class=\"elementor-column elementor-col-25 elementor-top-column elementor-element elementor-element-26046a6\" data-id=\"26046a6\" data-element_type=\"column\">\n\t\t\t<div class=\"elementor-widget-wrap elementor-element-populated\">\n\t\t\t\t\t\t\t\t<div class=\"elementor-element elementor-element-720871b elementor-widget-divider--view-line elementor-widget elementor-widget-divider\" data-id=\"720871b\" data-element_type=\"widget\" data-widget_type=\"divider.default\">\n\t\t\t\t<div class=\"elementor-widget-container\">\n\t\t\t\t\t<div class=\"elementor-divider\">\n\t\t\t<span class=\"elementor-divider-separator\">\n\t\t\t\t\t\t<\/span>\n\t\t<\/div>\n\t\t\t\t<\/div>\n\t\t\t\t<\/div>\n\t\t\t\t<div class=\"elementor-element elementor-element-7bcd745 elementor-widget elementor-widget-heading\" data-id=\"7bcd745\" data-element_type=\"widget\" data-widget_type=\"heading.default\">\n\t\t\t\t<div class=\"elementor-widget-container\">\n\t\t\t<h2 class=\"elementor-heading-title elementor-size-default\">CHARLA <b>2019<\/b><\/h2>\t\t<\/div>\n\t\t\t\t<\/div>\n\t\t\t\t<div class=\"elementor-element elementor-element-694adcc elementor-widget__width-initial elementor-position-top elementor-vertical-align-top elementor-widget elementor-widget-image-box\" data-id=\"694adcc\" data-element_type=\"widget\" data-widget_type=\"image-box.default\">\n\t\t\t\t<div class=\"elementor-widget-container\">\n\t\t\t<div class=\"elementor-image-box-wrapper\"><figure class=\"elementor-image-box-img\"><a href=\"https:\/\/somosturma.com\/la-revoltosa\/\" target=\"_blank\"><img loading=\"lazy\" decoding=\"async\" width=\"996\" height=\"1277\" src=\"https:\/\/kasaloka.com\/wp-content\/uploads\/2023\/09\/Turma-La-revoltosa-FLYER-13-WEB-e1695587629329.png\" class=\"attachment-full size-full wp-image-1495\" alt=\"\" srcset=\"https:\/\/kasaloka.com\/wp-content\/uploads\/2023\/09\/Turma-La-revoltosa-FLYER-13-WEB-e1695587629329.png 996w, https:\/\/kasaloka.com\/wp-content\/uploads\/2023\/09\/Turma-La-revoltosa-FLYER-13-WEB-e1695587629329-234x300.png 234w, https:\/\/kasaloka.com\/wp-content\/uploads\/2023\/09\/Turma-La-revoltosa-FLYER-13-WEB-e1695587629329-799x1024.png 799w, https:\/\/kasaloka.com\/wp-content\/uploads\/2023\/09\/Turma-La-revoltosa-FLYER-13-WEB-e1695587629329-768x985.png 768w\" sizes=\"auto, (max-width: 996px) 100vw, 996px\" \/><\/a><\/figure><div class=\"elementor-image-box-content\"><h3 class=\"elementor-image-box-title\"><a href=\"https:\/\/somosturma.com\/la-revoltosa\/\" target=\"_blank\">ExpoENCUENTRO \u201cFanzines en serio. Pr\u00e1cticas y publicaciones\"<\/a><\/h3><p class=\"elementor-image-box-description\">Charla junto a Alejandro Schmidt, autor de \"Libro de Fanzines\", y otres hacedores de fanzines de los a\u00f1os 90 y 2000, sobre el DIY, el dise\u00f1o y la fotograf\u00eda. Festival de fanzines, ediciones subterr\u00e1neas y publicaciones populares. Biblioteca Turma, La Revoltosa, Turma, CABA, Argentina<\/p><\/div><\/div>\t\t<\/div>\n\t\t\t\t<\/div>\n\t\t\t\t\t<\/div>\n\t\t<\/div>\n\t\t\t\t\t\t\t<\/div>\n\t\t<\/section>\n\t\t\t\t<section class=\"elementor-section elementor-top-section elementor-element elementor-element-9306959 elementor-section-boxed elementor-section-height-default elementor-section-height-default\" data-id=\"9306959\" data-element_type=\"section\">\n\t\t\t\t\t\t<div class=\"elementor-container elementor-column-gap-default\">\n\t\t\t\t\t<div class=\"elementor-column elementor-col-25 elementor-top-column elementor-element elementor-element-4bc09de\" data-id=\"4bc09de\" data-element_type=\"column\">\n\t\t\t<div class=\"elementor-widget-wrap elementor-element-populated\">\n\t\t\t\t\t\t\t\t<div class=\"elementor-element elementor-element-f8282cd elementor-widget-divider--view-line elementor-widget elementor-widget-divider\" data-id=\"f8282cd\" data-element_type=\"widget\" data-widget_type=\"divider.default\">\n\t\t\t\t<div class=\"elementor-widget-container\">\n\t\t\t\t\t<div class=\"elementor-divider\">\n\t\t\t<span class=\"elementor-divider-separator\">\n\t\t\t\t\t\t<\/span>\n\t\t<\/div>\n\t\t\t\t<\/div>\n\t\t\t\t<\/div>\n\t\t\t\t<div class=\"elementor-element elementor-element-b314620 elementor-widget elementor-widget-heading\" data-id=\"b314620\" data-element_type=\"widget\" data-widget_type=\"heading.default\">\n\t\t\t\t<div class=\"elementor-widget-container\">\n\t\t\t<h2 class=\"elementor-heading-title elementor-size-default\">PRESENTACI\u00d3N <b>2019<\/b><\/h2>\t\t<\/div>\n\t\t\t\t<\/div>\n\t\t\t\t<div class=\"elementor-element elementor-element-8e48f58 elementor-widget__width-initial elementor-position-top elementor-vertical-align-top elementor-widget elementor-widget-image-box\" data-id=\"8e48f58\" data-element_type=\"widget\" data-widget_type=\"image-box.default\">\n\t\t\t\t<div class=\"elementor-widget-container\">\n\t\t\t<div class=\"elementor-image-box-wrapper\"><figure class=\"elementor-image-box-img\"><a href=\"https:\/\/www.instagram.com\/p\/B1hPOlHB7rX\/\" target=\"_blank\"><img loading=\"lazy\" decoding=\"async\" width=\"1080\" height=\"865\" src=\"https:\/\/kasaloka.com\/wp-content\/uploads\/2023\/09\/2019_08_Present-Casa-Fela-Peru_low.Xjpg_.jpg\" class=\"attachment-full size-full wp-image-1694\" alt=\"\" srcset=\"https:\/\/kasaloka.com\/wp-content\/uploads\/2023\/09\/2019_08_Present-Casa-Fela-Peru_low.Xjpg_.jpg 1080w, https:\/\/kasaloka.com\/wp-content\/uploads\/2023\/09\/2019_08_Present-Casa-Fela-Peru_low.Xjpg_-300x240.jpg 300w, https:\/\/kasaloka.com\/wp-content\/uploads\/2023\/09\/2019_08_Present-Casa-Fela-Peru_low.Xjpg_-1024x820.jpg 1024w, https:\/\/kasaloka.com\/wp-content\/uploads\/2023\/09\/2019_08_Present-Casa-Fela-Peru_low.Xjpg_-768x615.jpg 768w\" sizes=\"auto, (max-width: 1080px) 100vw, 1080px\" \/><\/a><\/figure><div class=\"elementor-image-box-content\"><h3 class=\"elementor-image-box-title\"><a href=\"https:\/\/www.instagram.com\/p\/B1hPOlHB7rX\/\" target=\"_blank\">Proyecci\u00f3n lime\u00f1a en Casa Fela<\/a><\/h3><p class=\"elementor-image-box-description\">Presentaci\u00f3n realizada gracias a la invitaci\u00f3n del colectivo peruano <i>Piquete Fotogr\u00e1fico<\/i>. La conversaci\u00f3n, junto al fot\u00f3grafo peruano Ra\u00fal Garc\u00eda, abord\u00f3 un recorrido por el punk en Argentina y Per\u00fa, y por la existencia del sexismo en la escena en el pasado y hoy. Con el apoyo incondicional de la fot\u00f3grafa peruana Gihan Tubbeh. Casa Fela, Lima, Per\u00fa.<\/p><\/div><\/div>\t\t<\/div>\n\t\t\t\t<\/div>\n\t\t\t\t\t<\/div>\n\t\t<\/div>\n\t\t\t\t<div class=\"elementor-column elementor-col-25 elementor-top-column elementor-element elementor-element-2aa3232\" data-id=\"2aa3232\" data-element_type=\"column\">\n\t\t\t<div class=\"elementor-widget-wrap elementor-element-populated\">\n\t\t\t\t\t\t\t\t<div class=\"elementor-element elementor-element-db5de93 elementor-widget-divider--view-line elementor-widget elementor-widget-divider\" data-id=\"db5de93\" data-element_type=\"widget\" data-widget_type=\"divider.default\">\n\t\t\t\t<div class=\"elementor-widget-container\">\n\t\t\t\t\t<div class=\"elementor-divider\">\n\t\t\t<span class=\"elementor-divider-separator\">\n\t\t\t\t\t\t<\/span>\n\t\t<\/div>\n\t\t\t\t<\/div>\n\t\t\t\t<\/div>\n\t\t\t\t<div class=\"elementor-element elementor-element-8665d2e elementor-widget elementor-widget-heading\" data-id=\"8665d2e\" data-element_type=\"widget\" data-widget_type=\"heading.default\">\n\t\t\t\t<div class=\"elementor-widget-container\">\n\t\t\t<h2 class=\"elementor-heading-title elementor-size-default\">PRESENTACI\u00d3N <b>2019<\/b><\/h2>\t\t<\/div>\n\t\t\t\t<\/div>\n\t\t\t\t<div class=\"elementor-element elementor-element-d9386b0 elementor-widget__width-initial elementor-position-top elementor-vertical-align-top elementor-widget elementor-widget-image-box\" data-id=\"d9386b0\" data-element_type=\"widget\" data-widget_type=\"image-box.default\">\n\t\t\t\t<div class=\"elementor-widget-container\">\n\t\t\t<div class=\"elementor-image-box-wrapper\"><figure class=\"elementor-image-box-img\"><a href=\"https:\/\/www.instagram.com\/p\/B1W_8vEh1rm\/?utm_source=ig_web_copy_link&#038;igshid=MzRlODBiNWFlZA==\" target=\"_blank\"><img loading=\"lazy\" decoding=\"async\" width=\"905\" height=\"1166\" src=\"https:\/\/kasaloka.com\/wp-content\/uploads\/2023\/09\/2019_2208_Tinta-Pe_Programa-2019X.jpg\" class=\"attachment-full size-full wp-image-1690\" alt=\"\" srcset=\"https:\/\/kasaloka.com\/wp-content\/uploads\/2023\/09\/2019_2208_Tinta-Pe_Programa-2019X.jpg 905w, https:\/\/kasaloka.com\/wp-content\/uploads\/2023\/09\/2019_2208_Tinta-Pe_Programa-2019X-233x300.jpg 233w, https:\/\/kasaloka.com\/wp-content\/uploads\/2023\/09\/2019_2208_Tinta-Pe_Programa-2019X-795x1024.jpg 795w, https:\/\/kasaloka.com\/wp-content\/uploads\/2023\/09\/2019_2208_Tinta-Pe_Programa-2019X-768x989.jpg 768w\" sizes=\"auto, (max-width: 905px) 100vw, 905px\" \/><\/a><\/figure><div class=\"elementor-image-box-content\"><h3 class=\"elementor-image-box-title\"><a href=\"https:\/\/www.instagram.com\/p\/B1W_8vEh1rm\/?utm_source=ig_web_copy_link&#038;igshid=MzRlODBiNWFlZA==\" target=\"_blank\">LimaPhoto 2019<\/a><\/h3><p class=\"elementor-image-box-description\">Participaci\u00f3n en la feria internacional de galer\u00edas de fotograf\u00eda LimaPhoto, organizado por el Centro de la Imagen de Lima, Per\u00fa. Presentaci\u00f3n del fotolibro \"No somos lo que te esperas\" y participaci\u00f3n en la primera feria de fotolibros <i>Tinta Pe<\/i>, con Sub Editora.<\/p><\/div><\/div>\t\t<\/div>\n\t\t\t\t<\/div>\n\t\t\t\t\t<\/div>\n\t\t<\/div>\n\t\t\t\t<div class=\"elementor-column elementor-col-25 elementor-top-column elementor-element elementor-element-f92d508\" data-id=\"f92d508\" data-element_type=\"column\">\n\t\t\t<div class=\"elementor-widget-wrap elementor-element-populated\">\n\t\t\t\t\t\t\t\t<div class=\"elementor-element elementor-element-22a35bd elementor-widget-divider--view-line elementor-widget elementor-widget-divider\" data-id=\"22a35bd\" data-element_type=\"widget\" data-widget_type=\"divider.default\">\n\t\t\t\t<div class=\"elementor-widget-container\">\n\t\t\t\t\t<div class=\"elementor-divider\">\n\t\t\t<span class=\"elementor-divider-separator\">\n\t\t\t\t\t\t<\/span>\n\t\t<\/div>\n\t\t\t\t<\/div>\n\t\t\t\t<\/div>\n\t\t\t\t<div class=\"elementor-element elementor-element-0d283da elementor-widget elementor-widget-heading\" data-id=\"0d283da\" data-element_type=\"widget\" data-widget_type=\"heading.default\">\n\t\t\t\t<div class=\"elementor-widget-container\">\n\t\t\t<h2 class=\"elementor-heading-title elementor-size-default\">PRESENTACI\u00d3N <b>2019<\/b><\/h2>\t\t<\/div>\n\t\t\t\t<\/div>\n\t\t\t\t<div class=\"elementor-element elementor-element-d706aff elementor-widget__width-initial elementor-position-top elementor-vertical-align-top elementor-widget elementor-widget-image-box\" data-id=\"d706aff\" data-element_type=\"widget\" data-widget_type=\"image-box.default\">\n\t\t\t\t<div class=\"elementor-widget-container\">\n\t\t\t<div class=\"elementor-image-box-wrapper\"><figure class=\"elementor-image-box-img\"><a href=\"https:\/\/cdf.montevideo.gub.uy\/actividad\/en-cmyk-2019\" target=\"_blank\"><img loading=\"lazy\" decoding=\"async\" width=\"1080\" height=\"1083\" src=\"https:\/\/kasaloka.com\/wp-content\/uploads\/2023\/09\/EN-CMYK_2019_low.jpg\" class=\"attachment-full size-full wp-image-1486\" alt=\"\" srcset=\"https:\/\/kasaloka.com\/wp-content\/uploads\/2023\/09\/EN-CMYK_2019_low.jpg 1080w, https:\/\/kasaloka.com\/wp-content\/uploads\/2023\/09\/EN-CMYK_2019_low-300x300.jpg 300w, https:\/\/kasaloka.com\/wp-content\/uploads\/2023\/09\/EN-CMYK_2019_low-1021x1024.jpg 1021w, https:\/\/kasaloka.com\/wp-content\/uploads\/2023\/09\/EN-CMYK_2019_low-150x150.jpg 150w, https:\/\/kasaloka.com\/wp-content\/uploads\/2023\/09\/EN-CMYK_2019_low-768x770.jpg 768w\" sizes=\"auto, (max-width: 1080px) 100vw, 1080px\" \/><\/a><\/figure><div class=\"elementor-image-box-content\"><h3 class=\"elementor-image-box-title\"><a href=\"https:\/\/cdf.montevideo.gub.uy\/actividad\/en-cmyk-2019\" target=\"_blank\">ENCMYK en el CdF de Montevideo<\/a><\/h3><p class=\"elementor-image-box-description\">ENCMYK es un encuentro de fotolibros organizado por el Centro de Fotograf\u00eda de Montevideo, Uruguay, que busca profundizar el desarrollo e intercambio entre productorxs, editorxs y realizadorxs nacionales e internacionales, con el objetivo de promover la realizaci\u00f3n de libros fotogr\u00e1ficos de autorx.<br>en ese marco se present\u00f3 la primera edici\u00f3n del fotolibro \"No somos lo que te esperas\".<\/p><\/div><\/div>\t\t<\/div>\n\t\t\t\t<\/div>\n\t\t\t\t\t<\/div>\n\t\t<\/div>\n\t\t\t\t<div class=\"elementor-column elementor-col-25 elementor-top-column elementor-element elementor-element-3bf0082\" data-id=\"3bf0082\" data-element_type=\"column\">\n\t\t\t<div class=\"elementor-widget-wrap elementor-element-populated\">\n\t\t\t\t\t\t\t\t<div class=\"elementor-element elementor-element-d9664c3 elementor-widget-divider--view-line elementor-widget elementor-widget-divider\" data-id=\"d9664c3\" data-element_type=\"widget\" data-widget_type=\"divider.default\">\n\t\t\t\t<div class=\"elementor-widget-container\">\n\t\t\t\t\t<div class=\"elementor-divider\">\n\t\t\t<span class=\"elementor-divider-separator\">\n\t\t\t\t\t\t<\/span>\n\t\t<\/div>\n\t\t\t\t<\/div>\n\t\t\t\t<\/div>\n\t\t\t\t<div class=\"elementor-element elementor-element-657e310 elementor-widget elementor-widget-heading\" data-id=\"657e310\" data-element_type=\"widget\" data-widget_type=\"heading.default\">\n\t\t\t\t<div class=\"elementor-widget-container\">\n\t\t\t<h2 class=\"elementor-heading-title elementor-size-default\">PRESENTACI\u00d3N <b>2019<\/b><\/h2>\t\t<\/div>\n\t\t\t\t<\/div>\n\t\t\t\t<div class=\"elementor-element elementor-element-2d747f2 elementor-widget__width-initial elementor-position-top elementor-vertical-align-top elementor-widget elementor-widget-image-box\" data-id=\"2d747f2\" data-element_type=\"widget\" data-widget_type=\"image-box.default\">\n\t\t\t\t<div class=\"elementor-widget-container\">\n\t\t\t<div class=\"elementor-image-box-wrapper\"><figure class=\"elementor-image-box-img\"><a href=\"https:\/\/www.instagram.com\/p\/Buudq8KgzOb\/?img_index=3\" target=\"_blank\"><img loading=\"lazy\" decoding=\"async\" width=\"1080\" height=\"1078\" src=\"https:\/\/kasaloka.com\/wp-content\/uploads\/2023\/09\/2019_1603_Arde-Presentacion-Flyer_low.jpg\" class=\"attachment-full size-full wp-image-1477\" alt=\"\" srcset=\"https:\/\/kasaloka.com\/wp-content\/uploads\/2023\/09\/2019_1603_Arde-Presentacion-Flyer_low.jpg 1080w, https:\/\/kasaloka.com\/wp-content\/uploads\/2023\/09\/2019_1603_Arde-Presentacion-Flyer_low-300x300.jpg 300w, https:\/\/kasaloka.com\/wp-content\/uploads\/2023\/09\/2019_1603_Arde-Presentacion-Flyer_low-1024x1022.jpg 1024w, https:\/\/kasaloka.com\/wp-content\/uploads\/2023\/09\/2019_1603_Arde-Presentacion-Flyer_low-150x150.jpg 150w, https:\/\/kasaloka.com\/wp-content\/uploads\/2023\/09\/2019_1603_Arde-Presentacion-Flyer_low-768x767.jpg 768w\" sizes=\"auto, (max-width: 1080px) 100vw, 1080px\" \/><\/a><\/figure><div class=\"elementor-image-box-content\"><h3 class=\"elementor-image-box-title\"><a href=\"https:\/\/www.instagram.com\/p\/Buudq8KgzOb\/?img_index=3\" target=\"_blank\">ARDE Encuentro de Fotograf\u00eda, Feminismos y DD.HH.<\/a><\/h3><p class=\"elementor-image-box-description\">En el marco del encuentro organizado por agrupaciones feministas, en el Espacio Memoria y Derechos Humanos (ex ESMA), se present\u00f3 \"No somos lo que te esperas\". <br>Se realiz\u00f3 una proyecci\u00f3n de las im\u00e1genes del proyecto y del libro mismo junto a una charla en el ciclo <i>Libros al descubierto. <\/i><\/p><\/div><\/div>\t\t<\/div>\n\t\t\t\t<\/div>\n\t\t\t\t\t<\/div>\n\t\t<\/div>\n\t\t\t\t\t\t\t<\/div>\n\t\t<\/section>\n\t\t\t\t<section class=\"elementor-section elementor-top-section elementor-element elementor-element-58476d8 elementor-section-boxed elementor-section-height-default elementor-section-height-default\" data-id=\"58476d8\" data-element_type=\"section\">\n\t\t\t\t\t\t<div class=\"elementor-container elementor-column-gap-default\">\n\t\t\t\t\t<div class=\"elementor-column elementor-col-25 elementor-top-column elementor-element elementor-element-7301a34\" data-id=\"7301a34\" data-element_type=\"column\">\n\t\t\t<div class=\"elementor-widget-wrap elementor-element-populated\">\n\t\t\t\t\t\t\t\t<div class=\"elementor-element elementor-element-24fe8ea elementor-widget-divider--view-line elementor-widget elementor-widget-divider\" data-id=\"24fe8ea\" data-element_type=\"widget\" data-widget_type=\"divider.default\">\n\t\t\t\t<div class=\"elementor-widget-container\">\n\t\t\t\t\t<div class=\"elementor-divider\">\n\t\t\t<span class=\"elementor-divider-separator\">\n\t\t\t\t\t\t<\/span>\n\t\t<\/div>\n\t\t\t\t<\/div>\n\t\t\t\t<\/div>\n\t\t\t\t<div class=\"elementor-element elementor-element-b58c4dc elementor-widget elementor-widget-heading\" data-id=\"b58c4dc\" data-element_type=\"widget\" data-widget_type=\"heading.default\">\n\t\t\t\t<div class=\"elementor-widget-container\">\n\t\t\t<h2 class=\"elementor-heading-title elementor-size-default\">PRESENTACI\u00d3N <b>2018<\/b><\/h2>\t\t<\/div>\n\t\t\t\t<\/div>\n\t\t\t\t<div class=\"elementor-element elementor-element-20f0ef6 elementor-widget__width-initial elementor-position-top elementor-vertical-align-top elementor-widget elementor-widget-image-box\" data-id=\"20f0ef6\" data-element_type=\"widget\" data-widget_type=\"image-box.default\">\n\t\t\t\t<div class=\"elementor-widget-container\">\n\t\t\t<div class=\"elementor-image-box-wrapper\"><figure class=\"elementor-image-box-img\"><img loading=\"lazy\" decoding=\"async\" width=\"1250\" height=\"1250\" src=\"https:\/\/kasaloka.com\/wp-content\/uploads\/2023\/09\/2018_1612Sub-Editora-Presentacion-Punk-01.jpg\" class=\"attachment-full size-full wp-image-1472\" alt=\"\" srcset=\"https:\/\/kasaloka.com\/wp-content\/uploads\/2023\/09\/2018_1612Sub-Editora-Presentacion-Punk-01.jpg 1250w, https:\/\/kasaloka.com\/wp-content\/uploads\/2023\/09\/2018_1612Sub-Editora-Presentacion-Punk-01-300x300.jpg 300w, https:\/\/kasaloka.com\/wp-content\/uploads\/2023\/09\/2018_1612Sub-Editora-Presentacion-Punk-01-1024x1024.jpg 1024w, https:\/\/kasaloka.com\/wp-content\/uploads\/2023\/09\/2018_1612Sub-Editora-Presentacion-Punk-01-150x150.jpg 150w, https:\/\/kasaloka.com\/wp-content\/uploads\/2023\/09\/2018_1612Sub-Editora-Presentacion-Punk-01-768x768.jpg 768w\" sizes=\"auto, (max-width: 1250px) 100vw, 1250px\" \/><\/figure><div class=\"elementor-image-box-content\"><h3 class=\"elementor-image-box-title\">Feria del Libro Punk & Derivadxs<\/h3><p class=\"elementor-image-box-description\">Presentaci\u00f3n de la 1\u00b0 edici\u00f3n del fotolibro \"No somos lo que te esperas\" en la Feria del Libro Punk &amp; Derivadxs de ese a\u00f1o. <br>Algunas fotograf\u00edas del libro fueron expuestas en el espacio donde se llev\u00f3 a cabo la feria. <br>La CaZona de Flores, CABA, Argentina.<\/p><\/div><\/div>\t\t<\/div>\n\t\t\t\t<\/div>\n\t\t\t\t\t<\/div>\n\t\t<\/div>\n\t\t\t\t<div class=\"elementor-column elementor-col-25 elementor-top-column elementor-element elementor-element-52d034b\" data-id=\"52d034b\" data-element_type=\"column\">\n\t\t\t<div class=\"elementor-widget-wrap elementor-element-populated\">\n\t\t\t\t\t\t\t\t<div class=\"elementor-element elementor-element-d1773c1 elementor-widget-divider--view-line elementor-widget elementor-widget-divider\" data-id=\"d1773c1\" data-element_type=\"widget\" data-widget_type=\"divider.default\">\n\t\t\t\t<div class=\"elementor-widget-container\">\n\t\t\t\t\t<div class=\"elementor-divider\">\n\t\t\t<span class=\"elementor-divider-separator\">\n\t\t\t\t\t\t<\/span>\n\t\t<\/div>\n\t\t\t\t<\/div>\n\t\t\t\t<\/div>\n\t\t\t\t<div class=\"elementor-element elementor-element-75a249e elementor-widget elementor-widget-heading\" data-id=\"75a249e\" data-element_type=\"widget\" data-widget_type=\"heading.default\">\n\t\t\t\t<div class=\"elementor-widget-container\">\n\t\t\t<h2 class=\"elementor-heading-title elementor-size-default\">FESTIVAL <b>2018<\/b><\/h2>\t\t<\/div>\n\t\t\t\t<\/div>\n\t\t\t\t<div class=\"elementor-element elementor-element-ad714c1 elementor-widget__width-initial elementor-position-top elementor-vertical-align-top elementor-widget elementor-widget-image-box\" data-id=\"ad714c1\" data-element_type=\"widget\" data-widget_type=\"image-box.default\">\n\t\t\t\t<div class=\"elementor-widget-container\">\n\t\t\t<div class=\"elementor-image-box-wrapper\"><figure class=\"elementor-image-box-img\"><a href=\"https:\/\/www.facebook.com\/profile.php?id=100081537012083\" target=\"_blank\"><img loading=\"lazy\" decoding=\"async\" width=\"960\" height=\"960\" src=\"https:\/\/kasaloka.com\/wp-content\/uploads\/2024\/05\/41962017_10156615162564941_6825105798197149696_n.jpg\" class=\"attachment-full size-full wp-image-3303\" alt=\"\" srcset=\"https:\/\/kasaloka.com\/wp-content\/uploads\/2024\/05\/41962017_10156615162564941_6825105798197149696_n.jpg 960w, https:\/\/kasaloka.com\/wp-content\/uploads\/2024\/05\/41962017_10156615162564941_6825105798197149696_n-300x300.jpg 300w, https:\/\/kasaloka.com\/wp-content\/uploads\/2024\/05\/41962017_10156615162564941_6825105798197149696_n-150x150.jpg 150w, https:\/\/kasaloka.com\/wp-content\/uploads\/2024\/05\/41962017_10156615162564941_6825105798197149696_n-768x768.jpg 768w\" sizes=\"auto, (max-width: 960px) 100vw, 960px\" \/><\/a><\/figure><div class=\"elementor-image-box-content\"><h3 class=\"elementor-image-box-title\"><a href=\"https:\/\/www.facebook.com\/profile.php?id=100081537012083\" target=\"_blank\">Festival Hermanades<\/a><\/h3><p class=\"elementor-image-box-description\">Exposici\u00f3n fotogr\u00e1fica y presentaci\u00f3n del proyecto en el Festival  transfeminista Hermanades, organizado por mujeres y disidencias antifascistas: charlas, feria autogestiva y exposiciones de fotograf\u00eda y otras artes visuales.<br>Club Social y Deportivo La Cultura del Barrio de Villa Crespo. Ciudad de Buenos Aires, Argentina. <\/p><\/div><\/div>\t\t<\/div>\n\t\t\t\t<\/div>\n\t\t\t\t\t<\/div>\n\t\t<\/div>\n\t\t\t\t<div class=\"elementor-column elementor-col-25 elementor-top-column elementor-element elementor-element-771a999\" data-id=\"771a999\" data-element_type=\"column\">\n\t\t\t<div class=\"elementor-widget-wrap elementor-element-populated\">\n\t\t\t\t\t\t\t\t<div class=\"elementor-element elementor-element-6265da5 elementor-widget-divider--view-line elementor-widget elementor-widget-divider\" data-id=\"6265da5\" data-element_type=\"widget\" data-widget_type=\"divider.default\">\n\t\t\t\t<div class=\"elementor-widget-container\">\n\t\t\t\t\t<div class=\"elementor-divider\">\n\t\t\t<span class=\"elementor-divider-separator\">\n\t\t\t\t\t\t<\/span>\n\t\t<\/div>\n\t\t\t\t<\/div>\n\t\t\t\t<\/div>\n\t\t\t\t<div class=\"elementor-element elementor-element-520b448 elementor-widget elementor-widget-heading\" data-id=\"520b448\" data-element_type=\"widget\" data-widget_type=\"heading.default\">\n\t\t\t\t<div class=\"elementor-widget-container\">\n\t\t\t<h2 class=\"elementor-heading-title elementor-size-default\">EXPO <b>2013\/2015<\/b><\/h2>\t\t<\/div>\n\t\t\t\t<\/div>\n\t\t\t\t<div class=\"elementor-element elementor-element-92cef7d elementor-widget__width-initial elementor-position-top elementor-vertical-align-top elementor-widget elementor-widget-image-box\" data-id=\"92cef7d\" data-element_type=\"widget\" data-widget_type=\"image-box.default\">\n\t\t\t\t<div class=\"elementor-widget-container\">\n\t\t\t<div class=\"elementor-image-box-wrapper\"><figure class=\"elementor-image-box-img\"><a href=\"https:\/\/www.instagram.com\/feriadelibropunkyderivados\/\" target=\"_blank\"><img loading=\"lazy\" decoding=\"async\" width=\"1330\" height=\"917\" src=\"https:\/\/kasaloka.com\/wp-content\/uploads\/2023\/09\/FeriaPunk-Flyer-2015.jpg\" class=\"attachment-full size-full wp-image-1431\" alt=\"\" srcset=\"https:\/\/kasaloka.com\/wp-content\/uploads\/2023\/09\/FeriaPunk-Flyer-2015.jpg 1330w, https:\/\/kasaloka.com\/wp-content\/uploads\/2023\/09\/FeriaPunk-Flyer-2015-300x207.jpg 300w, https:\/\/kasaloka.com\/wp-content\/uploads\/2023\/09\/FeriaPunk-Flyer-2015-1024x706.jpg 1024w, https:\/\/kasaloka.com\/wp-content\/uploads\/2023\/09\/FeriaPunk-Flyer-2015-768x530.jpg 768w, https:\/\/kasaloka.com\/wp-content\/uploads\/2023\/09\/FeriaPunk-Flyer-2015-130x90.jpg 130w\" sizes=\"auto, (max-width: 1330px) 100vw, 1330px\" \/><\/a><\/figure><div class=\"elementor-image-box-content\"><h3 class=\"elementor-image-box-title\"><a href=\"https:\/\/www.instagram.com\/feriadelibropunkyderivados\/\" target=\"_blank\">2\u00b0, 3\u00b0 y 4\u00b0 Feria del Libro Punk <\/a><\/h3><p class=\"elementor-image-box-description\">Exposici\u00f3n de fotograf\u00edas y presentaci\u00f3n del proyecto de libro y archivo en las tres ediciones de la Feria del Libro Punk en 2013, 2014 y 2015. Teatro El Mandril, Sal\u00f3n Pueyrred\u00f3n y Club Social y Deportivo La Cultura del Barrio, CABA, Argentina.<\/p><\/div><\/div>\t\t<\/div>\n\t\t\t\t<\/div>\n\t\t\t\t\t<\/div>\n\t\t<\/div>\n\t\t\t\t<div class=\"elementor-column elementor-col-25 elementor-top-column elementor-element elementor-element-ab1a711\" data-id=\"ab1a711\" data-element_type=\"column\">\n\t\t\t<div class=\"elementor-widget-wrap elementor-element-populated\">\n\t\t\t\t\t\t\t\t<div class=\"elementor-element elementor-element-a8257ce elementor-widget-divider--view-line elementor-widget elementor-widget-divider\" data-id=\"a8257ce\" data-element_type=\"widget\" data-widget_type=\"divider.default\">\n\t\t\t\t<div class=\"elementor-widget-container\">\n\t\t\t\t\t<div class=\"elementor-divider\">\n\t\t\t<span class=\"elementor-divider-separator\">\n\t\t\t\t\t\t<\/span>\n\t\t<\/div>\n\t\t\t\t<\/div>\n\t\t\t\t<\/div>\n\t\t\t\t<div class=\"elementor-element elementor-element-8a94d71 elementor-widget elementor-widget-heading\" data-id=\"8a94d71\" data-element_type=\"widget\" data-widget_type=\"heading.default\">\n\t\t\t\t<div class=\"elementor-widget-container\">\n\t\t\t<h2 class=\"elementor-heading-title elementor-size-default\">EXPO <b>2012<\/b><\/h2>\t\t<\/div>\n\t\t\t\t<\/div>\n\t\t\t\t<div class=\"elementor-element elementor-element-b74c852 elementor-widget__width-initial elementor-position-top elementor-vertical-align-top elementor-widget elementor-widget-image-box\" data-id=\"b74c852\" data-element_type=\"widget\" data-widget_type=\"image-box.default\">\n\t\t\t\t<div class=\"elementor-widget-container\">\n\t\t\t<div class=\"elementor-image-box-wrapper\"><figure class=\"elementor-image-box-img\"><img loading=\"lazy\" decoding=\"async\" width=\"1202\" height=\"1202\" src=\"https:\/\/kasaloka.com\/wp-content\/uploads\/2023\/09\/Flyer-Feria-del-libro-punk_2012X.jpg\" class=\"attachment-full size-full wp-image-1493\" alt=\"\" srcset=\"https:\/\/kasaloka.com\/wp-content\/uploads\/2023\/09\/Flyer-Feria-del-libro-punk_2012X.jpg 1202w, https:\/\/kasaloka.com\/wp-content\/uploads\/2023\/09\/Flyer-Feria-del-libro-punk_2012X-300x300.jpg 300w, https:\/\/kasaloka.com\/wp-content\/uploads\/2023\/09\/Flyer-Feria-del-libro-punk_2012X-1024x1024.jpg 1024w, https:\/\/kasaloka.com\/wp-content\/uploads\/2023\/09\/Flyer-Feria-del-libro-punk_2012X-150x150.jpg 150w, https:\/\/kasaloka.com\/wp-content\/uploads\/2023\/09\/Flyer-Feria-del-libro-punk_2012X-768x768.jpg 768w\" sizes=\"auto, (max-width: 1202px) 100vw, 1202px\" \/><\/figure><div class=\"elementor-image-box-content\"><h3 class=\"elementor-image-box-title\">1\u00b0 Feria del Libro Punk<\/h3><p class=\"elementor-image-box-description\">Exposici\u00f3n de fotograf\u00edas en la Primera Feria del Libro Punk de 2012, organizada por Pat Pietrafesa de Alcohol & Fotocopias, Max Vadal\u00e1 de Buenos Aires Desorden y Alejandro Schmidt de Tren en Movimiento, entre otrxs. Sal\u00f3n Pueyrred\u00f3n, CABA, Argentina\n<\/p><\/div><\/div>\t\t<\/div>\n\t\t\t\t<\/div>\n\t\t\t\t\t<\/div>\n\t\t<\/div>\n\t\t\t\t\t\t\t<\/div>\n\t\t<\/section>\n\t\t\t\t<section class=\"elementor-section elementor-top-section elementor-element elementor-element-0ca75e5 elementor-section-boxed elementor-section-height-default elementor-section-height-default\" data-id=\"0ca75e5\" data-element_type=\"section\">\n\t\t\t\t\t\t<div class=\"elementor-container elementor-column-gap-default\">\n\t\t\t\t\t<div class=\"elementor-column elementor-col-100 elementor-top-column elementor-element elementor-element-9bde899\" data-id=\"9bde899\" data-element_type=\"column\">\n\t\t\t<div class=\"elementor-widget-wrap elementor-element-populated\">\n\t\t\t\t\t\t\t\t<div class=\"elementor-element elementor-element-e511cbc elementor-widget-divider--view-line elementor-widget elementor-widget-divider\" data-id=\"e511cbc\" data-element_type=\"widget\" data-widget_type=\"divider.default\">\n\t\t\t\t<div class=\"elementor-widget-container\">\n\t\t\t\t\t<div class=\"elementor-divider\">\n\t\t\t<span class=\"elementor-divider-separator\">\n\t\t\t\t\t\t<\/span>\n\t\t<\/div>\n\t\t\t\t<\/div>\n\t\t\t\t<\/div>\n\t\t\t\t\t<\/div>\n\t\t<\/div>\n\t\t\t\t\t\t\t<\/div>\n\t\t<\/section>\n\t\t\t\t\t\t\t<\/div>\n\t\t","protected":false},"excerpt":{"rendered":"<p>FERIA FOTOGR\u00c1FICA 2024 Feria de Fotograf\u00eda Xiringuito Kasa Loka fue seleccionada para participar de la Feria Xiringuito, edici\u00f3n &#8220;La foto<\/p>\n","protected":false},"author":1,"featured_media":1434,"parent":0,"menu_order":0,"comment_status":"closed","ping_status":"closed","template":"","meta":{"footnotes":""},"class_list":["post-442","page","type-page","status-publish","has-post-thumbnail","hentry"],"_links":{"self":[{"href":"https:\/\/kasaloka.com\/index.php\/wp-json\/wp\/v2\/pages\/442","targetHints":{"allow":["GET"]}}],"collection":[{"href":"https:\/\/kasaloka.com\/index.php\/wp-json\/wp\/v2\/pages"}],"about":[{"href":"https:\/\/kasaloka.com\/index.php\/wp-json\/wp\/v2\/types\/page"}],"author":[{"embeddable":true,"href":"https:\/\/kasaloka.com\/index.php\/wp-json\/wp\/v2\/users\/1"}],"replies":[{"embeddable":true,"href":"https:\/\/kasaloka.com\/index.php\/wp-json\/wp\/v2\/comments?post=442"}],"version-history":[{"count":356,"href":"https:\/\/kasaloka.com\/index.php\/wp-json\/wp\/v2\/pages\/442\/revisions"}],"predecessor-version":[{"id":3356,"href":"https:\/\/kasaloka.com\/index.php\/wp-json\/wp\/v2\/pages\/442\/revisions\/3356"}],"wp:featuredmedia":[{"embeddable":true,"href":"https:\/\/kasaloka.com\/index.php\/wp-json\/wp\/v2\/media\/1434"}],"wp:attachment":[{"href":"https:\/\/kasaloka.com\/index.php\/wp-json\/wp\/v2\/media?parent=442"}],"curies":[{"name":"wp","href":"https:\/\/api.w.org\/{rel}","templated":true}]}}